{"id":1052,"date":"2023-12-29T09:34:52","date_gmt":"2023-12-29T09:34:52","guid":{"rendered":"https:\/\/cumcura.be\/?page_id=1052"},"modified":"2026-02-06T10:16:31","modified_gmt":"2026-02-06T10:16:31","slug":"getuigenis","status":"publish","type":"page","link":"https:\/\/cumcura.be\/fr\/getuigenis\/","title":{"rendered":"Des t\u00e9moignages"},"content":{"rendered":"<p>[et_pb_section fb_built=&#8221;1&#8243; admin_label=&#8221;Hero&#8221; _builder_version=&#8221;4.21.2&#8243; background_color=&#8221;#4bc0eb&#8221; use_background_color_gradient=&#8221;on&#8221; background_color_gradient_direction=&#8221;16deg&#8221; background_color_gradient_stops=&#8221;rgba(62,144,221,0.64) 0%|rgba(145,223,247,0.94) 100%&#8221; background_color_gradient_start=&#8221;rgba(62,144,221,0.64)&#8221; background_color_gradient_end=&#8221;rgba(145,223,247,0.94)&#8221; custom_margin=&#8221;||0px||false|false&#8221; custom_padding=&#8221;60px|0px|0|0px|false|false&#8221; global_colors_info=&#8221;{}&#8221;][et_pb_row _builder_version=&#8221;4.21.2&#8243; _module_preset=&#8221;default&#8221; global_colors_info=&#8221;{}&#8221;][et_pb_column type=&#8221;4_4&#8243; _builder_version=&#8221;4.21.2&#8243; _module_preset=&#8221;default&#8221; global_colors_info=&#8221;{}&#8221;][et_pb_text _builder_version=&#8221;4.21.2&#8243; _module_preset=&#8221;default&#8221; text_font_size=&#8221;16px&#8221; text_line_height=&#8221;2em&#8221; header_2_font=&#8221;|700|||||||&#8221; header_2_font_size=&#8221;36px&#8221; header_2_line_height=&#8221;1.6em&#8221; custom_margin=&#8221;0px||-1px||false|false&#8221; header_2_font_size_tablet=&#8221;36px&#8221; header_2_font_size_phone=&#8221;20px&#8221; header_2_font_size_last_edited=&#8221;on|desktop&#8221; global_colors_info=&#8221;{}&#8221;]<\/p>\n<h2><span style=\"color: #ffffff;\">Histoires de survivants<\/span><\/h2>\n<p>[\/et_pb_text][et_pb_divider divider_weight=&#8221;0px&#8221; _builder_version=&#8221;4.21.2&#8243; _module_preset=&#8221;default&#8221; background_color=&#8221;#9E9E9E&#8221; background_image=&#8221;https:\/\/cumcura.be\/wp-content\/uploads\/2019\/04\/Divider_Desmoid-e1596041731639.png&#8221; max_width=&#8221;20%&#8221; module_alignment=&#8221;left&#8221; height=&#8221;5px&#8221; global_colors_info=&#8221;{}&#8221;][\/et_pb_divider][\/et_pb_column][\/et_pb_row][et_pb_row column_structure=&#8221;2_3,1_3&#8243; _builder_version=&#8221;4.21.2&#8243; custom_margin=&#8221;|auto|-72px|auto||&#8221; custom_padding=&#8221;30px|0px|0px|0px|false|false&#8221; overflow-x_tablet=&#8221;&#8221; overflow-x_phone=&#8221;&#8221; overflow-x_last_edited=&#8221;on|desktop&#8221; overflow-y_tablet=&#8221;&#8221; overflow-y_phone=&#8221;&#8221; overflow-y_last_edited=&#8221;on|desktop&#8221; global_colors_info=&#8221;{}&#8221;][et_pb_column type=&#8221;2_3&#8243; _builder_version=&#8221;4.16&#8243; custom_padding=&#8221;||60px|&#8221; global_colors_info=&#8221;{}&#8221; custom_padding__hover=&#8221;|||&#8221;][et_pb_text _builder_version=&#8221;4.21.2&#8243; text_font=&#8221;||||||||&#8221; text_text_color=&#8221;#ffffff&#8221; text_font_size=&#8221;16px&#8221; header_font=&#8221;||||||||&#8221; header_text_color=&#8221;#ffffff&#8221; header_font_size=&#8221;32px&#8221; header_letter_spacing=&#8221;1px&#8221; header_line_height=&#8221;1.3em&#8221; max_width=&#8221;100%&#8221; custom_margin=&#8221;|-447px||||&#8221; custom_padding=&#8221;0px|0px|0px|||&#8221; global_colors_info=&#8221;{}&#8221;]<\/p>\n<p>Soudain, vous recevez un diagnostic inattendu et le monde s\u2019arr\u00eate un instant.\u00a0<br \/>Vous trouverez ci-dessous quelques t\u00e9moignages de survivants du sarcome ou du desmo\u00efde sur la fa\u00e7on dont ils l'ont v\u00e9cu et comment ils y font face.<\/p>\n<p>\u00a0<strong>Souhaitez-vous entrer en contact avec des compagnons de souffrance?<\/strong><\/p>\n<p><strong><\/strong><\/p>\n<blockquote>\n<ul>\n<li><span style=\"font-size: 16px;\">Viens au<strong> <a href=\"https:\/\/cumcura.be\/fr\/activiteit\/\"><span style=\"text-decoration: underline;\"><span style=\"color: #ebf6fd; text-decoration: underline;\">CumCura Day<\/span><\/span><\/a><\/strong>.<\/span><\/li>\n<li>\n<p><span style=\"font-size: 16px;\">Demandez votre adh\u00e9sion gratuitement dans un magasin ferm\u00e9 <strong>groupe Facebook<\/strong> des survivants.<\/span><\/p>\n<\/li>\n<li>Contactez-nous pour une <strong>consultation<\/strong> <strong>individuelle<\/strong><span style=\"color: #ffffff;\"><\/span><\/li>\n<\/ul>\n<\/blockquote>\n<p>[\/et_pb_text][\/et_pb_column][et_pb_column type=&#8221;1_3&#8243; _builder_version=&#8221;4.16&#8243; custom_padding=&#8221;||60px|&#8221; global_colors_info=&#8221;{}&#8221; custom_padding__hover=&#8221;|||&#8221;][et_pb_image src=&#8221;https:\/\/cumcura.be\/wp-content\/uploads\/2019\/04\/TestBollen.png&#8221; title_text=&#8221;TestBollen&#8221; align=&#8221;right&#8221; _builder_version=&#8221;4.21.2&#8243; _module_preset=&#8221;default&#8221; max_width=&#8221;100%&#8221; custom_margin=&#8221;-42px|113px||||&#8221; custom_padding=&#8221;24px|||0px||&#8221; animation_style=&#8221;slide&#8221; global_colors_info=&#8221;{}&#8221;][\/et_pb_image][\/et_pb_column][\/et_pb_row][\/et_pb_section][et_pb_section fb_built=&#8221;1&#8243; _builder_version=&#8221;4.21.2&#8243; _module_preset=&#8221;default&#8221; background_enable_color=&#8221;off&#8221; min_height=&#8221;1585.8px&#8221; custom_margin=&#8221;47px|||||&#8221; custom_padding=&#8221;0px||0px||true|&#8221; global_colors_info=&#8221;{}&#8221;][et_pb_row _builder_version=&#8221;4.21.2&#8243; _module_preset=&#8221;default&#8221; global_colors_info=&#8221;{}&#8221;][et_pb_column type=&#8221;4_4&#8243; _builder_version=&#8221;4.21.2&#8243; _module_preset=&#8221;default&#8221; global_colors_info=&#8221;{}&#8221;][et_pb_text _builder_version=&#8221;4.27.2&#8243; _module_preset=&#8221;default&#8221; global_colors_info=&#8221;{}&#8221;]<\/p>\n<p>\u00a0Si n\u00e9cessaire, activez les sous-titres en bas \u00e0 droite de chaque vid\u00e9o. <img data-recalc-dims=\"1\" loading=\"lazy\" decoding=\"async\" src=\"https:\/\/i0.wp.com\/cumcura.be\/wp-content\/uploads\/2025\/07\/Youtube_ondertiteling.jpg?resize=39%2C29&#038;ssl=1\" width=\"39\" height=\"29\" alt=\"\" class=\"wp-image-1739 aligncenter size-full\" style=\"float: left;\" srcset=\"https:\/\/i0.wp.com\/cumcura.be\/wp-content\/uploads\/2025\/07\/Youtube_ondertiteling.jpg?w=133&amp;ssl=1 133w, https:\/\/i0.wp.com\/cumcura.be\/wp-content\/uploads\/2025\/07\/Youtube_ondertiteling.jpg?resize=16%2C12&amp;ssl=1 16w\" sizes=\"(max-width: 39px) 100vw, 39px\" \/><\/p>\n<p>[\/et_pb_text][\/et_pb_column][\/et_pb_row][et_pb_row column_structure=&#8221;1_2,1_2&#8243; _builder_version=&#8221;4.21.2&#8243; _module_preset=&#8221;default&#8221; custom_margin=&#8221;-28px|auto||auto||&#8221; global_colors_info=&#8221;{}&#8221;][et_pb_column type=&#8221;1_2&#8243; _builder_version=&#8221;4.21.2&#8243; _module_preset=&#8221;default&#8221; global_colors_info=&#8221;{}&#8221;][et_pb_testimonial _builder_version=&#8221;4.27.2&#8243; _module_preset=&#8221;default&#8221; background_color=&#8221;#EBF6FD&#8221; global_colors_info=&#8221;{}&#8221;]<iframe loading=\"lazy\" title=\"CC Desmoid\" width=\"1080\" height=\"608\" src=\"https:\/\/www.youtube.com\/embed\/EsQP0z-txcw?feature=oembed\"  allow=\"accelerometer; autoplay; clipboard-write; encrypted-media; gyroscope; picture-in-picture; web-share\" referrerpolicy=\"strict-origin-when-cross-origin\" allowfullscreen><\/iframe><\/p>\n<p><strong>Desmoid<\/strong> &#8211; Mauro, student, 19 jaar[\/et_pb_testimonial][et_pb_testimonial _builder_version=&#8221;4.21.2&#8243; _module_preset=&#8221;default&#8221; background_color=&#8221;#EBF6FD&#8221; global_colors_info=&#8221;{}&#8221;]<\/p>\n<p><iframe loading=\"lazy\" title=\"CumCuraVZW Sarcoma - Jonathan\" width=\"1080\" height=\"608\" src=\"https:\/\/www.youtube.com\/embed\/f_izyhoRNAk?feature=oembed\"  allow=\"accelerometer; autoplay; clipboard-write; encrypted-media; gyroscope; picture-in-picture; web-share\" allowfullscreen><\/iframe><\/p>\n<p><strong>Osteosarcoma<\/strong> \u2013 Jonathan, \u00e9tudiant, 19 ans<\/p>\n<p>[\/et_pb_testimonial][et_pb_testimonial _builder_version=&#8221;4.21.2&#8243; _module_preset=&#8221;default&#8221; background_color=&#8221;#EBF6FD&#8221; global_colors_info=&#8221;{}&#8221;]<\/p>\n<p><iframe loading=\"lazy\" title=\"CumCuraVZW Sarcoma - Anke\" width=\"1080\" height=\"608\" src=\"https:\/\/www.youtube.com\/embed\/ESPDr5Epxdk?feature=oembed\"  allow=\"accelerometer; autoplay; clipboard-write; encrypted-media; gyroscope; picture-in-picture; web-share\" allowfullscreen><\/iframe><\/p>\n<p><strong>Sarcoma chordoma <\/strong>\u2013 Anke, professeur<\/p>\n<p>[\/et_pb_testimonial][\/et_pb_column][et_pb_column type=&#8221;1_2&#8243; _builder_version=&#8221;4.21.2&#8243; _module_preset=&#8221;default&#8221; global_colors_info=&#8221;{}&#8221;][et_pb_testimonial _builder_version=&#8221;4.21.2&#8243; _module_preset=&#8221;default&#8221; background_color=&#8221;#EBF6FD&#8221; global_colors_info=&#8221;{}&#8221;]<\/p>\n<p><iframe loading=\"lazy\" title=\"CumCuraVZW Sarcoma - Martine\" width=\"1080\" height=\"608\" src=\"https:\/\/www.youtube.com\/embed\/sK9ewpmv5O4?feature=oembed\"  allow=\"accelerometer; autoplay; clipboard-write; encrypted-media; gyroscope; picture-in-picture; web-share\" allowfullscreen><\/iframe><\/p>\n<p><strong>Sarcoma pleiomorf <\/strong>\u2013 Martine, orthophoniste<\/p>\n<p>[\/et_pb_testimonial][et_pb_testimonial _builder_version=&#8221;4.21.2&#8243; _module_preset=&#8221;default&#8221; background_color=&#8221;#EBF6FD&#8221; global_colors_info=&#8221;{}&#8221;]<\/p>\n<p><iframe loading=\"lazy\" title=\"CumCuraVZW Desmoid - Ingrid\" width=\"1080\" height=\"608\" src=\"https:\/\/www.youtube.com\/embed\/YNOrKZGfw_s?feature=oembed\"  allow=\"accelerometer; autoplay; clipboard-write; encrypted-media; gyroscope; picture-in-picture; web-share\" allowfullscreen><\/iframe><\/p>\n<p><strong> Desmoid fibromatose <\/strong>\u2013 Ingrid, kin\u00e9sith\u00e9rapeute<\/p>\n<p>[\/et_pb_testimonial][et_pb_testimonial _builder_version=&#8221;4.21.2&#8243; _module_preset=&#8221;default&#8221; background_color=&#8221;#EBF6FD&#8221; global_colors_info=&#8221;{}&#8221;]<\/p>\n<p><iframe loading=\"lazy\" title=\"CumCuraVZW Sarcoma - Piet\" width=\"1080\" height=\"608\" src=\"https:\/\/www.youtube.com\/embed\/UBAs7fj9i24?feature=oembed\"  allow=\"accelerometer; autoplay; clipboard-write; encrypted-media; gyroscope; picture-in-picture; web-share\" allowfullscreen><\/iframe><\/p>\n<p><strong> Sarcoma pleiomorf <\/strong>\u2013 Piet, \u00e9crivain et scientifique<\/p>\n<p>[\/et_pb_testimonial][\/et_pb_column][\/et_pb_row][et_pb_row column_structure=&#8221;1_2,1_2&#8243; _builder_version=&#8221;4.21.2&#8243; _module_preset=&#8221;default&#8221; global_colors_info=&#8221;{}&#8221;][et_pb_column type=&#8221;1_2&#8243; _builder_version=&#8221;4.21.2&#8243; _module_preset=&#8221;default&#8221; global_colors_info=&#8221;{}&#8221;][et_pb_testimonial _builder_version=&#8221;4.21.2&#8243; _module_preset=&#8221;default&#8221; background_color=&#8221;#EBF6FD&#8221; global_colors_info=&#8221;{}&#8221;]<\/p>\n<p><iframe loading=\"lazy\" title=\"CC Sarcoma\" width=\"1080\" height=\"608\" src=\"https:\/\/www.youtube.com\/embed\/jPBSJNCaGzQ?feature=oembed\"  allow=\"accelerometer; autoplay; clipboard-write; encrypted-media; gyroscope; picture-in-picture; web-share\" allowfullscreen><\/iframe><\/p>\n<p><strong>Sarcoma <\/strong>&#8211; Cathy<\/p>\n<p>[\/et_pb_testimonial][\/et_pb_column][et_pb_column type=&#8221;1_2&#8243; _builder_version=&#8221;4.21.2&#8243; _module_preset=&#8221;default&#8221; global_colors_info=&#8221;{}&#8221;][et_pb_testimonial _builder_version=&#8221;4.21.2&#8243; _module_preset=&#8221;default&#8221; background_color=&#8221;#EBF6FD&#8221; global_colors_info=&#8221;{}&#8221;]<\/p>\n<p><iframe loading=\"lazy\" title=\"CumCuraVZW Sarcoma - Stefaan\" width=\"1080\" height=\"608\" src=\"https:\/\/www.youtube.com\/embed\/9ur_03ZqWAs?feature=oembed\"  allow=\"accelerometer; autoplay; clipboard-write; encrypted-media; gyroscope; picture-in-picture; web-share\" allowfullscreen><\/iframe><\/p>\n<p><strong>Sarcoma lipoom <\/strong>&#8211;\u00a0Stefaan<\/p>\n<p>[\/et_pb_testimonial][\/et_pb_column][\/et_pb_row][\/et_pb_section][et_pb_section fb_built=&#8221;1&#8243; _builder_version=&#8221;4.21.2&#8243; _module_preset=&#8221;default&#8221; background_color=&#8221;#EBF6FD&#8221; custom_padding=&#8221;3px|||||&#8221; global_colors_info=&#8221;{}&#8221;][et_pb_row _builder_version=&#8221;4.21.2&#8243; _module_preset=&#8221;default&#8221; global_colors_info=&#8221;{}&#8221;][et_pb_column type=&#8221;4_4&#8243; _builder_version=&#8221;4.21.2&#8243; _module_preset=&#8221;default&#8221; global_colors_info=&#8221;{}&#8221;][et_pb_text _builder_version=&#8221;4.21.2&#8243; _module_preset=&#8221;default&#8221; text_text_color=&#8221;#0C71C3&#8243; text_font_size=&#8221;16px&#8221; text_line_height=&#8221;2em&#8221; header_text_color=&#8221;#0C71C3&#8243; header_2_font=&#8221;|700|||||||&#8221; header_2_text_color=&#8221;#0C71C3&#8243; header_2_font_size=&#8221;36px&#8221; header_2_line_height=&#8221;1.6em&#8221; custom_margin=&#8221;0px||-1px||false|false&#8221; header_2_text_color_tablet=&#8221;#0C71C3&#8243; header_2_text_color_phone=&#8221;#0C71C3&#8243; header_2_text_color_last_edited=&#8221;on|tablet&#8221; header_2_font_size_tablet=&#8221;36px&#8221; header_2_font_size_phone=&#8221;20px&#8221; header_2_font_size_last_edited=&#8221;on|desktop&#8221; global_colors_info=&#8221;{}&#8221;]<\/p>\n<h2><span style=\"color: #00ccff;\">Contes pour enfants<\/span><\/h2>\n<p>[\/et_pb_text][et_pb_divider divider_weight=&#8221;0px&#8221; _builder_version=&#8221;4.21.2&#8243; _module_preset=&#8221;default&#8221; background_color=&#8221;#9E9E9E&#8221; background_image=&#8221;https:\/\/cumcura.be\/wp-content\/uploads\/2019\/04\/Divider_Desmoid-e1596041731639.png&#8221; max_width=&#8221;20%&#8221; module_alignment=&#8221;left&#8221; height=&#8221;5px&#8221; global_colors_info=&#8221;{}&#8221;][\/et_pb_divider][\/et_pb_column][\/et_pb_row][et_pb_row column_structure=&#8221;3_5,2_5&#8243; _builder_version=&#8221;4.27.2&#8243; _module_preset=&#8221;default&#8221; custom_padding=&#8221;||0px|||&#8221; border_radii=&#8221;on|10px|10px|10px|10px&#8221; border_width_all=&#8221;2px&#8221; border_color_all=&#8221;#00d1ff&#8221; global_colors_info=&#8221;{}&#8221;][et_pb_column type=&#8221;3_5&#8243; _builder_version=&#8221;4.21.2&#8243; _module_preset=&#8221;default&#8221; global_colors_info=&#8221;{}&#8221;][et_pb_text _builder_version=&#8221;4.27.2&#8243; _module_preset=&#8221;default&#8221; custom_padding=&#8221;|||5px|false|false&#8221; link_option_url_new_window=&#8221;on&#8221; global_colors_info=&#8221;{}&#8221;]<\/p>\n<h2><strong>HOPE \u2013 LE PODCAST<\/strong><\/h2>\n<p><strong>Warre Thomas<\/strong>,\u00a0<\/p>\n<p><span>Warre a re\u00e7u un diagnostic de tumeur osseuse maligne et agressive en 2022 (9 ans) (<\/span><a class=\"app-aware-link\" href=\"https:\/\/www.linkedin.com\/feed\/hashtag\/?keywords=ewing&amp;highlightedUpdateUrns=urn%3Ali%3Aactivity%3A7142423968858193920\" data-test-app-aware-link=\"\"><span aria-hidden=\"true\">#<\/span>ewing<\/a><span>). Un voyage infernal et difficile. Il raconte d\u00e9sormais son histoire via un podcast et esp\u00e8re rendre le sujet du cancer infantile plus ouvert au d\u00e9bat.<\/span><\/p>\n<p>Ce podcast est au profit de\u00a0<strong>Fonds de lutte contre le cancer des enfants<\/strong>.<\/p>\n<blockquote>\n<p>Vous pouvez \u00e9couter l\u2019enregistrement <a href=\"https:\/\/warrethomas.com\/podcast\/\" target=\"_blank\" rel=\"noopener\">ici<\/a> .<\/p>\n<\/blockquote>\n<p>[\/et_pb_text][\/et_pb_column][et_pb_column type=&#8221;2_5&#8243; _builder_version=&#8221;4.21.2&#8243; _module_preset=&#8221;default&#8221; global_colors_info=&#8221;{}&#8221;][et_pb_text _builder_version=&#8221;4.27.2&#8243; _module_preset=&#8221;default&#8221; global_colors_info=&#8221;{}&#8221;]<\/p>\n<p><img data-recalc-dims=\"1\" loading=\"lazy\" decoding=\"async\" src=\"https:\/\/i0.wp.com\/cumcura.be\/wp-content\/uploads\/2025\/07\/Warreshope.webp?resize=1024%2C683&#038;ssl=1\" width=\"1024\" height=\"683\" alt=\"\" class=\"wp-image-1747 aligncenter size-large\" srcset=\"https:\/\/cumcura.be\/wp-content\/uploads\/2025\/07\/Warreshope-980x653.webp 980w, https:\/\/cumcura.be\/wp-content\/uploads\/2025\/07\/Warreshope-480x320.webp 480w\" sizes=\"(min-width: 0px) and (max-width: 480px) 480px, (min-width: 481px) and (max-width: 980px) 980px, (min-width: 981px) 1024px, 100vw\" \/><\/p>\n<p>[\/et_pb_text][\/et_pb_column][\/et_pb_row][et_pb_row _builder_version=&#8221;4.21.2&#8243; _module_preset=&#8221;default&#8221; global_colors_info=&#8221;{}&#8221;][et_pb_column type=&#8221;4_4&#8243; _builder_version=&#8221;4.21.2&#8243; _module_preset=&#8221;default&#8221; global_colors_info=&#8221;{}&#8221;][et_pb_text _builder_version=&#8221;4.27.2&#8243; _module_preset=&#8221;default&#8221; text_text_color=&#8221;#0C71C3&#8243; text_font_size=&#8221;16px&#8221; text_line_height=&#8221;2em&#8221; header_text_color=&#8221;#0C71C3&#8243; header_2_font=&#8221;|700|||||||&#8221; header_2_text_color=&#8221;#0C71C3&#8243; header_2_font_size=&#8221;36px&#8221; header_2_line_height=&#8221;1.6em&#8221; custom_margin=&#8221;0px||-1px||false|false&#8221; header_2_text_color_tablet=&#8221;#0C71C3&#8243; header_2_text_color_phone=&#8221;#0C71C3&#8243; header_2_text_color_last_edited=&#8221;on|tablet&#8221; header_2_font_size_tablet=&#8221;36px&#8221; header_2_font_size_phone=&#8221;20px&#8221; header_2_font_size_last_edited=&#8221;on|desktop&#8221; global_colors_info=&#8221;{}&#8221;]<\/p>\n<h2 style=\"text-align: right;\"><span style=\"color: #00ccff;\">Histoires de vie avec le cancer<\/span><\/h2>\n<p>[\/et_pb_text][et_pb_divider divider_weight=&#8221;0px&#8221; _builder_version=&#8221;4.27.2&#8243; _module_preset=&#8221;default&#8221; background_color=&#8221;#9E9E9E&#8221; background_image=&#8221;https:\/\/cumcura.be\/wp-content\/uploads\/2019\/04\/Divider_Desmoid-e1596041731639.png&#8221; max_width=&#8221;20%&#8221; module_alignment=&#8221;right&#8221; height=&#8221;5px&#8221; global_colors_info=&#8221;{}&#8221;][\/et_pb_divider][\/et_pb_column][\/et_pb_row][et_pb_row column_structure=&#8221;2_5,3_5&#8243; _builder_version=&#8221;4.27.2&#8243; _module_preset=&#8221;default&#8221; custom_padding=&#8221;||0px|||&#8221; border_radii=&#8221;on|10px|10px|10px|10px&#8221; border_width_all=&#8221;2px&#8221; border_color_all=&#8221;#00d1ff&#8221; global_colors_info=&#8221;{}&#8221;][et_pb_column type=&#8221;2_5&#8243; _builder_version=&#8221;4.21.2&#8243; _module_preset=&#8221;default&#8221; global_colors_info=&#8221;{}&#8221;][et_pb_text _builder_version=&#8221;4.27.2&#8243; _module_preset=&#8221;default&#8221; global_colors_info=&#8221;{}&#8221;]<\/p>\n<p><img data-recalc-dims=\"1\" loading=\"lazy\" decoding=\"async\" src=\"https:\/\/i0.wp.com\/cumcura.be\/wp-content\/uploads\/2025\/07\/wie-is-Freya.png?resize=1024%2C577&#038;ssl=1\" width=\"1024\" height=\"577\" alt=\"\" class=\"wp-image-1751 aligncenter size-large\" srcset=\"https:\/\/cumcura.be\/wp-content\/uploads\/2025\/07\/wie-is-Freya-980x552.png 980w, https:\/\/cumcura.be\/wp-content\/uploads\/2025\/07\/wie-is-Freya-480x270.png 480w\" sizes=\"(min-width: 0px) and (max-width: 480px) 480px, (min-width: 481px) and (max-width: 980px) 980px, (min-width: 981px) 1024px, 100vw\" \/><\/p>\n<p>[\/et_pb_text][\/et_pb_column][et_pb_column type=&#8221;3_5&#8243; _builder_version=&#8221;4.21.2&#8243; _module_preset=&#8221;default&#8221; global_colors_info=&#8221;{}&#8221;][et_pb_text _builder_version=&#8221;4.27.2&#8243; _module_preset=&#8221;default&#8221; link_option_url_new_window=&#8221;on&#8221; hover_enabled=&#8221;0&#8243; global_colors_info=&#8221;{}&#8221; sticky_enabled=&#8221;0&#8243;]<\/p>\n<h2><strong>Regard clair sur le CANCER<\/strong><\/h2>\n<p><strong>Freya<\/strong>, <strong>vit avec le cancer depuis 20 ans.<\/strong>.<\/p>\n<p>Le cancer bouleverse votre vie. Votre t\u00eate est pleine de questions et les termes m\u00e9dicaux volent autour de vos oreilles. Freya est une patiente atteinte de sarcome et en sait beaucoup. Elle est ravie d'\u00eatre votre guide et donne des r\u00e9ponses claires \u00e0 vos questions sur Klare kijk op Kanker. Sans chichis, clair et net.<\/p>\n<blockquote>\n<p>Pour plus d\u2019informations, cliquez sur le <a href=\"https:\/\/klarekijkopkanker.be\/\" target=\"_blank\" rel=\"noopener\">lien suivant<\/a>.<\/p>\n<\/blockquote>\n<p>[\/et_pb_text][\/et_pb_column][\/et_pb_row][\/et_pb_section][et_pb_section fb_built=&#8221;1&#8243; admin_label=&#8221;Hero&#8221; _builder_version=&#8221;4.21.2&#8243; background_color=&#8221;#4bc0eb&#8221; use_background_color_gradient=&#8221;on&#8221; background_color_gradient_direction=&#8221;16deg&#8221; background_color_gradient_stops=&#8221;rgba(62,144,221,0.64) 0%|rgba(145,223,247,0.94) 100%&#8221; background_color_gradient_start=&#8221;rgba(62,144,221,0.64)&#8221; background_color_gradient_end=&#8221;rgba(145,223,247,0.94)&#8221; min_height=&#8221;826.4px&#8221; custom_margin=&#8221;||0px||false|false&#8221; custom_padding=&#8221;0px|0px|0|0px|false|false&#8221; global_colors_info=&#8221;{}&#8221;][et_pb_row _builder_version=&#8221;4.21.2&#8243; _module_preset=&#8221;default&#8221; min_height=&#8221;91.6px&#8221; global_colors_info=&#8221;{}&#8221;][et_pb_column type=&#8221;4_4&#8243; _builder_version=&#8221;4.21.2&#8243; _module_preset=&#8221;default&#8221; global_colors_info=&#8221;{}&#8221;][et_pb_text _builder_version=&#8221;4.21.2&#8243; _module_preset=&#8221;default&#8221; text_font_size=&#8221;16px&#8221; text_line_height=&#8221;2em&#8221; header_2_font=&#8221;|700|||||||&#8221; header_2_font_size=&#8221;36px&#8221; header_2_line_height=&#8221;1.6em&#8221; custom_margin=&#8221;0px||0px||false|false&#8221; custom_padding=&#8221;0px||0px|||&#8221; header_2_font_size_tablet=&#8221;36px&#8221; header_2_font_size_phone=&#8221;20px&#8221; header_2_font_size_last_edited=&#8221;on|desktop&#8221; global_colors_info=&#8221;{}&#8221;]<\/p>\n<h2><span style=\"color: #ffffff;\">Histoires familiales de survivants<\/span><\/h2>\n<p>[\/et_pb_text][et_pb_divider divider_weight=&#8221;0px&#8221; _builder_version=&#8221;4.21.2&#8243; _module_preset=&#8221;default&#8221; background_color=&#8221;#9E9E9E&#8221; background_image=&#8221;https:\/\/cumcura.be\/wp-content\/uploads\/2019\/04\/Divider_Desmoid-e1596041731639.png&#8221; max_width=&#8221;20%&#8221; module_alignment=&#8221;left&#8221; height=&#8221;5px&#8221; global_colors_info=&#8221;{}&#8221;][\/et_pb_divider][\/et_pb_column][\/et_pb_row][et_pb_row column_structure=&#8221;1_2,1_2&#8243; _builder_version=&#8221;4.21.2&#8243; _module_preset=&#8221;default&#8221; global_colors_info=&#8221;{}&#8221;][et_pb_column type=&#8221;1_2&#8243; _builder_version=&#8221;4.21.2&#8243; _module_preset=&#8221;default&#8221; global_colors_info=&#8221;{}&#8221;][et_pb_image src=&#8221;https:\/\/cumcura.be\/wp-content\/uploads\/2019\/04\/TestBollen.png&#8221; title_text=&#8221;TestBollen&#8221; align=&#8221;center&#8221; _builder_version=&#8221;4.21.2&#8243; _module_preset=&#8221;default&#8221; custom_margin=&#8221;20px|0px|20px|0px|false|false&#8221; custom_padding=&#8221;0px|0px|0px|0px|false|false&#8221; animation_style=&#8221;slide&#8221; global_colors_info=&#8221;{}&#8221;][\/et_pb_image][\/et_pb_column][et_pb_column type=&#8221;1_2&#8243; _builder_version=&#8221;4.21.2&#8243; _module_preset=&#8221;default&#8221; global_colors_info=&#8221;{}&#8221;][et_pb_text _builder_version=&#8221;4.27.2&#8243; _module_preset=&#8221;default&#8221; text_text_color=&#8221;#FFFFFF&#8221; header_text_color=&#8221;#FFFFFF&#8221; link_option_url=&#8221;https:\/\/cumcura.be\/product\/brul-boek-nijlpaard\/&#8221; link_option_url_new_window=&#8221;on&#8221; global_colors_info=&#8221;{}&#8221;]<\/p>\n<p><span style=\"color: #000000;\"><a href=\"https:\/\/cumcura.be\/fr\/produit\/brul-boek-nijlpaard\/\" target=\"_blank\" rel=\"noopener\" title=\"Nijlpaard\" style=\"color: #000000;\"><strong><img data-recalc-dims=\"1\" loading=\"lazy\" decoding=\"async\" src=\"https:\/\/i0.wp.com\/cumcura.be\/wp-content\/uploads\/2025\/07\/1.10.-Boek-Nijlpaard-voor-Kerstmis-foto2.jpg?resize=1024%2C661&#038;ssl=1\" width=\"1024\" height=\"661\" alt=\"\" class=\"wp-image-1743 aligncenter size-large\" srcset=\"https:\/\/cumcura.be\/wp-content\/uploads\/2025\/07\/1.10.-Boek-Nijlpaard-voor-Kerstmis-foto2-980x632.jpg 980w, https:\/\/cumcura.be\/wp-content\/uploads\/2025\/07\/1.10.-Boek-Nijlpaard-voor-Kerstmis-foto2-480x310.jpg 480w\" sizes=\"(min-width: 0px) and (max-width: 480px) 480px, (min-width: 481px) and (max-width: 980px) 980px, (min-width: 981px) 1024px, 100vw\" \/><\/strong><\/a><\/span><\/p>\n<h2><span style=\"color: #000000;\"><strong><\/strong><\/span><\/h2>\n<h2><span style=\"color: #ffffff;\"><strong>Le livre \u00ab Hippo pour No\u00ebl \u00bb<\/strong><\/span><\/h2>\n<p><span style=\"color: #ffffff;\"><strong>Le livre \u00ab Hippo pour No\u00ebl \u00bb<\/strong>\u00a0est l\u2019histoire biographique d\u2019un p\u00e8re qui\u00a0<strong>\u00e9crit sur son fils\u00a0<\/strong>atteint d\u2019un cancer des os. Ce livre n\u2019\u00e9vite pas les difficiles sentiments d\u2019impuissance, de frustration et de col\u00e8re. Mais tout au long de l\u2019histoire,\u00a0<b>vous trouverez l\u2019espoir<\/b>\u00a0d\u2019un avenir<strong>comme fil conducteur.<\/strong>\u00a0Un livre auquel un compagnon de souffrance peut s\u2019identifier.<\/span><\/p>\n<p><span style=\"color: #ffffff;\">L'hippopotame r\u00e9confortant tout au long du livre\u00a0<strong>Brul<\/strong>\u00a0s'appelle Brul.\u00a0<strong>Brul est disponible sous forme de peluche<\/strong> dans la <a href=\"https:\/\/cumcura.be\/fr\/produit\/brul-boek-nijlpaard\/\" target=\"_blank\" rel=\"noopener\" style=\"color: #ffffff;\">boutique en ligne.<\/a>.<\/span><\/p>\n<p>[\/et_pb_text][\/et_pb_column][\/et_pb_row][\/et_pb_section]<\/p>","protected":false},"excerpt":{"rendered":"<p>Verhalen van lotgenotenPlots krijg je een onverwachte diagnose en staat de wereld even stil.\u00a0Hieronder vind je enkele getuigenissen van lotgenoten van Sarcoma of Desmoid hoe zij het ervaren hebben en hoe ze ermee omgaan. \u00a0Wil je graag met lotgenoten in contact komen? Kom naar de CumCura Dag. Vraag gratis je lidmaatschap aan bij een afgesloten [&hellip;]<\/p>","protected":false},"author":1,"featured_media":0,"parent":0,"menu_order":0,"comment_status":"closed","ping_status":"closed","template":"","meta":{"_et_pb_use_builder":"on","_et_pb_old_content":"","_et_gb_content_width":"","jetpack_post_was_ever_published":false,"footnotes":""},"class_list":["post-1052","page","type-page","status-publish","hentry"],"yoast_head":"<!-- This site is optimized with the Yoast SEO plugin v25.6 - https:\/\/yoast.com\/wordpress\/plugins\/seo\/ -->\n<title>Getuigenissen - Cum Cura<\/title>\n<meta name=\"robots\" content=\"index, follow, max-snippet:-1, max-image-preview:large, max-video-preview:-1\" \/>\n<link rel=\"canonical\" href=\"https:\/\/cumcura.be\/fr\/getuigenis\/\" \/>\n<meta property=\"og:locale\" content=\"fr_FR\" \/>\n<meta property=\"og:type\" content=\"article\" \/>\n<meta property=\"og:title\" content=\"Getuigenissen - Cum Cura\" \/>\n<meta property=\"og:description\" content=\"Verhalen van lotgenotenPlots krijg je een onverwachte diagnose en staat de wereld even stil.\u00a0Hieronder vind je enkele getuigenissen van lotgenoten van Sarcoma of Desmoid hoe zij het ervaren hebben en hoe ze ermee omgaan. \u00a0Wil je graag met lotgenoten in contact komen? Kom naar de CumCura Dag. Vraag gratis je lidmaatschap aan bij een afgesloten [&hellip;]\" \/>\n<meta property=\"og:url\" content=\"https:\/\/cumcura.be\/fr\/getuigenis\/\" \/>\n<meta property=\"og:site_name\" content=\"Cum Cura\" \/>\n<meta property=\"article:publisher\" content=\"https:\/\/www.facebook.com\/CumCuraVZW\/\" \/>\n<meta property=\"article:modified_time\" content=\"2026-02-06T10:16:31+00:00\" \/>\n<meta property=\"og:image\" content=\"https:\/\/cumcura.be\/wp-content\/uploads\/2025\/07\/Youtube_ondertiteling.jpg\" \/>\n<meta name=\"twitter:card\" content=\"summary_large_image\" \/>\n<meta name=\"twitter:label1\" content=\"Dur\u00e9e de lecture estim\u00e9e\" \/>\n\t<meta name=\"twitter:data1\" content=\"1 minute\" \/>\n<script type=\"application\/ld+json\" class=\"yoast-schema-graph\">{\"@context\":\"https:\/\/schema.org\",\"@graph\":[{\"@type\":\"WebPage\",\"@id\":\"https:\/\/cumcura.be\/getuigenis\/\",\"url\":\"https:\/\/cumcura.be\/getuigenis\/\",\"name\":\"Getuigenissen - Cum Cura\",\"isPartOf\":{\"@id\":\"https:\/\/cumcura.be\/en\/#website\"},\"primaryImageOfPage\":{\"@id\":\"https:\/\/cumcura.be\/getuigenis\/#primaryimage\"},\"image\":{\"@id\":\"https:\/\/cumcura.be\/getuigenis\/#primaryimage\"},\"thumbnailUrl\":\"https:\/\/cumcura.be\/wp-content\/uploads\/2025\/07\/Youtube_ondertiteling.jpg\",\"datePublished\":\"2023-12-29T09:34:52+00:00\",\"dateModified\":\"2026-02-06T10:16:31+00:00\",\"breadcrumb\":{\"@id\":\"https:\/\/cumcura.be\/getuigenis\/#breadcrumb\"},\"inLanguage\":\"fr-FR\",\"potentialAction\":[{\"@type\":\"ReadAction\",\"target\":[\"https:\/\/cumcura.be\/getuigenis\/\"]}]},{\"@type\":\"ImageObject\",\"inLanguage\":\"fr-FR\",\"@id\":\"https:\/\/cumcura.be\/getuigenis\/#primaryimage\",\"url\":\"https:\/\/cumcura.be\/wp-content\/uploads\/2025\/07\/Youtube_ondertiteling.jpg\",\"contentUrl\":\"https:\/\/cumcura.be\/wp-content\/uploads\/2025\/07\/Youtube_ondertiteling.jpg\"},{\"@type\":\"BreadcrumbList\",\"@id\":\"https:\/\/cumcura.be\/getuigenis\/#breadcrumb\",\"itemListElement\":[{\"@type\":\"ListItem\",\"position\":1,\"name\":\"Home\",\"item\":\"https:\/\/cumcura.be\/\"},{\"@type\":\"ListItem\",\"position\":2,\"name\":\"Getuigenissen\"}]},{\"@type\":\"WebSite\",\"@id\":\"https:\/\/cumcura.be\/en\/#website\",\"url\":\"https:\/\/cumcura.be\/en\/\",\"name\":\"Cum Cura\",\"description\":\"Kanker met zorg\",\"publisher\":{\"@id\":\"https:\/\/cumcura.be\/en\/#organization\"},\"potentialAction\":[{\"@type\":\"SearchAction\",\"target\":{\"@type\":\"EntryPoint\",\"urlTemplate\":\"https:\/\/cumcura.be\/en\/?s={search_term_string}\"},\"query-input\":{\"@type\":\"PropertyValueSpecification\",\"valueRequired\":true,\"valueName\":\"search_term_string\"}}],\"inLanguage\":\"fr-FR\"},{\"@type\":\"Organization\",\"@id\":\"https:\/\/cumcura.be\/en\/#organization\",\"name\":\"Cum Cura\",\"url\":\"https:\/\/cumcura.be\/en\/\",\"logo\":{\"@type\":\"ImageObject\",\"inLanguage\":\"fr-FR\",\"@id\":\"https:\/\/cumcura.be\/en\/#\/schema\/logo\/image\/\",\"url\":\"https:\/\/cumcura.be\/wp-content\/uploads\/2018\/11\/CUMCURA_LOGO_CLEAN_CMYK.png\",\"contentUrl\":\"https:\/\/cumcura.be\/wp-content\/uploads\/2018\/11\/CUMCURA_LOGO_CLEAN_CMYK.png\",\"width\":1772,\"height\":975,\"caption\":\"Cum Cura\"},\"image\":{\"@id\":\"https:\/\/cumcura.be\/en\/#\/schema\/logo\/image\/\"},\"sameAs\":[\"https:\/\/www.facebook.com\/CumCuraVZW\/\",\"https:\/\/www.instagram.com\/cumcuravzw\/\"]}]}<\/script>\n<!-- \/ Yoast SEO plugin. -->","yoast_head_json":{"title":"Getuigenissen - Cum Cura","robots":{"index":"index","follow":"follow","max-snippet":"max-snippet:-1","max-image-preview":"max-image-preview:large","max-video-preview":"max-video-preview:-1"},"canonical":"https:\/\/cumcura.be\/fr\/getuigenis\/","og_locale":"fr_FR","og_type":"article","og_title":"Getuigenissen - Cum Cura","og_description":"Verhalen van lotgenotenPlots krijg je een onverwachte diagnose en staat de wereld even stil.\u00a0Hieronder vind je enkele getuigenissen van lotgenoten van Sarcoma of Desmoid hoe zij het ervaren hebben en hoe ze ermee omgaan. \u00a0Wil je graag met lotgenoten in contact komen? Kom naar de CumCura Dag. Vraag gratis je lidmaatschap aan bij een afgesloten [&hellip;]","og_url":"https:\/\/cumcura.be\/fr\/getuigenis\/","og_site_name":"Cum Cura","article_publisher":"https:\/\/www.facebook.com\/CumCuraVZW\/","article_modified_time":"2026-02-06T10:16:31+00:00","og_image":[{"url":"https:\/\/cumcura.be\/wp-content\/uploads\/2025\/07\/Youtube_ondertiteling.jpg","type":"","width":"","height":""}],"twitter_card":"summary_large_image","twitter_misc":{"Dur\u00e9e de lecture estim\u00e9e":"1 minute"},"schema":{"@context":"https:\/\/schema.org","@graph":[{"@type":"WebPage","@id":"https:\/\/cumcura.be\/getuigenis\/","url":"https:\/\/cumcura.be\/getuigenis\/","name":"Getuigenissen - Cum Cura","isPartOf":{"@id":"https:\/\/cumcura.be\/en\/#website"},"primaryImageOfPage":{"@id":"https:\/\/cumcura.be\/getuigenis\/#primaryimage"},"image":{"@id":"https:\/\/cumcura.be\/getuigenis\/#primaryimage"},"thumbnailUrl":"https:\/\/cumcura.be\/wp-content\/uploads\/2025\/07\/Youtube_ondertiteling.jpg","datePublished":"2023-12-29T09:34:52+00:00","dateModified":"2026-02-06T10:16:31+00:00","breadcrumb":{"@id":"https:\/\/cumcura.be\/getuigenis\/#breadcrumb"},"inLanguage":"fr-FR","potentialAction":[{"@type":"ReadAction","target":["https:\/\/cumcura.be\/getuigenis\/"]}]},{"@type":"ImageObject","inLanguage":"fr-FR","@id":"https:\/\/cumcura.be\/getuigenis\/#primaryimage","url":"https:\/\/cumcura.be\/wp-content\/uploads\/2025\/07\/Youtube_ondertiteling.jpg","contentUrl":"https:\/\/cumcura.be\/wp-content\/uploads\/2025\/07\/Youtube_ondertiteling.jpg"},{"@type":"BreadcrumbList","@id":"https:\/\/cumcura.be\/getuigenis\/#breadcrumb","itemListElement":[{"@type":"ListItem","position":1,"name":"Home","item":"https:\/\/cumcura.be\/"},{"@type":"ListItem","position":2,"name":"Getuigenissen"}]},{"@type":"WebSite","@id":"https:\/\/cumcura.be\/en\/#website","url":"https:\/\/cumcura.be\/en\/","name":"Cum Cura","description":"Kanker met zorg","publisher":{"@id":"https:\/\/cumcura.be\/en\/#organization"},"potentialAction":[{"@type":"SearchAction","target":{"@type":"EntryPoint","urlTemplate":"https:\/\/cumcura.be\/en\/?s={search_term_string}"},"query-input":{"@type":"PropertyValueSpecification","valueRequired":true,"valueName":"search_term_string"}}],"inLanguage":"fr-FR"},{"@type":"Organization","@id":"https:\/\/cumcura.be\/en\/#organization","name":"Cum Cura","url":"https:\/\/cumcura.be\/en\/","logo":{"@type":"ImageObject","inLanguage":"fr-FR","@id":"https:\/\/cumcura.be\/en\/#\/schema\/logo\/image\/","url":"https:\/\/cumcura.be\/wp-content\/uploads\/2018\/11\/CUMCURA_LOGO_CLEAN_CMYK.png","contentUrl":"https:\/\/cumcura.be\/wp-content\/uploads\/2018\/11\/CUMCURA_LOGO_CLEAN_CMYK.png","width":1772,"height":975,"caption":"Cum Cura"},"image":{"@id":"https:\/\/cumcura.be\/en\/#\/schema\/logo\/image\/"},"sameAs":["https:\/\/www.facebook.com\/CumCuraVZW\/","https:\/\/www.instagram.com\/cumcuravzw\/"]}]}},"jetpack_sharing_enabled":true,"_links":{"self":[{"href":"https:\/\/cumcura.be\/fr\/wp-json\/wp\/v2\/pages\/1052"}],"collection":[{"href":"https:\/\/cumcura.be\/fr\/wp-json\/wp\/v2\/pages"}],"about":[{"href":"https:\/\/cumcura.be\/fr\/wp-json\/wp\/v2\/types\/page"}],"author":[{"embeddable":true,"href":"https:\/\/cumcura.be\/fr\/wp-json\/wp\/v2\/users\/1"}],"replies":[{"embeddable":true,"href":"https:\/\/cumcura.be\/fr\/wp-json\/wp\/v2\/comments?post=1052"}],"version-history":[{"count":43,"href":"https:\/\/cumcura.be\/fr\/wp-json\/wp\/v2\/pages\/1052\/revisions"}],"predecessor-version":[{"id":2127,"href":"https:\/\/cumcura.be\/fr\/wp-json\/wp\/v2\/pages\/1052\/revisions\/2127"}],"wp:attachment":[{"href":"https:\/\/cumcura.be\/fr\/wp-json\/wp\/v2\/media?parent=1052"}],"curies":[{"name":"wp","href":"https:\/\/api.w.org\/{rel}","templated":true}]}}