{"id":1137,"date":"2024-01-14T12:04:02","date_gmt":"2024-01-14T12:04:02","guid":{"rendered":"https:\/\/cumcura.be\/?page_id=1137"},"modified":"2026-02-06T10:04:37","modified_gmt":"2026-02-06T10:04:37","slug":"infotheek","status":"publish","type":"page","link":"https:\/\/cumcura.be\/fr\/infotheek\/","title":{"rendered":"Infoth\u00e8que"},"content":{"rendered":"<p>[et_pb_section fb_built=&#8221;1&#8243; admin_label=&#8221;Hero&#8221; _builder_version=&#8221;4.21.2&#8243; background_color=&#8221;#4bc0eb&#8221; use_background_color_gradient=&#8221;on&#8221; background_color_gradient_direction=&#8221;16deg&#8221; background_color_gradient_stops=&#8221;rgba(62,144,221,0.64) 0%|rgba(145,223,247,0.94) 100%&#8221; background_color_gradient_start=&#8221;rgba(62,144,221,0.64)&#8221; background_color_gradient_end=&#8221;rgba(145,223,247,0.94)&#8221; custom_margin=&#8221;0px|0px|0px|0px|false|false&#8221; custom_padding=&#8221;20px|0px|0px|0px|false|false&#8221; global_colors_info=&#8221;{}&#8221;][et_pb_row _builder_version=&#8221;4.21.2&#8243; _module_preset=&#8221;default&#8221; global_colors_info=&#8221;{}&#8221;][et_pb_column type=&#8221;4_4&#8243; _builder_version=&#8221;4.21.2&#8243; _module_preset=&#8221;default&#8221; global_colors_info=&#8221;{}&#8221;][et_pb_text _builder_version=&#8221;4.21.2&#8243; _module_preset=&#8221;default&#8221; text_font_size=&#8221;16px&#8221; text_line_height=&#8221;2em&#8221; header_2_font=&#8221;|700|||||||&#8221; header_2_font_size=&#8221;36px&#8221; header_2_line_height=&#8221;1.6em&#8221; custom_margin=&#8221;0px||-1px||false|false&#8221; header_2_font_size_tablet=&#8221;36px&#8221; header_2_font_size_phone=&#8221;20px&#8221; header_2_font_size_last_edited=&#8221;on|desktop&#8221; global_colors_info=&#8221;{}&#8221;]<\/p>\n<h2><span style=\"color: #ffffff;\">Infoth\u00e8que<\/span><\/h2>\n<p>[\/et_pb_text][et_pb_divider divider_weight=&#8221;0px&#8221; _builder_version=&#8221;4.21.2&#8243; _module_preset=&#8221;default&#8221; background_color=&#8221;#9E9E9E&#8221; background_image=&#8221;https:\/\/cumcura.be\/wp-content\/uploads\/2019\/04\/Divider_Desmoid-e1596041731639.png&#8221; max_width=&#8221;20%&#8221; module_alignment=&#8221;left&#8221; height=&#8221;5px&#8221; global_colors_info=&#8221;{}&#8221;][\/et_pb_divider][\/et_pb_column][\/et_pb_row][et_pb_row column_structure=&#8221;2_3,1_3&#8243; _builder_version=&#8221;4.21.2&#8243; custom_margin=&#8221;0px|auto|-40px|auto|false|false&#8221; custom_padding=&#8221;0px|0px|0px|0px|false|false&#8221; overflow-x_tablet=&#8221;&#8221; overflow-x_phone=&#8221;&#8221; overflow-x_last_edited=&#8221;on|desktop&#8221; overflow-y_tablet=&#8221;&#8221; overflow-y_phone=&#8221;&#8221; overflow-y_last_edited=&#8221;on|desktop&#8221; global_colors_info=&#8221;{}&#8221;][et_pb_column type=&#8221;2_3&#8243; _builder_version=&#8221;4.16&#8243; custom_padding=&#8221;||60px|&#8221; global_colors_info=&#8221;{}&#8221; custom_padding__hover=&#8221;|||&#8221;][et_pb_text _builder_version=&#8221;4.21.2&#8243; text_font=&#8221;||||||||&#8221; text_text_color=&#8221;#ffffff&#8221; text_font_size=&#8221;16px&#8221; header_font=&#8221;||||||||&#8221; header_text_color=&#8221;#ffffff&#8221; header_font_size=&#8221;32px&#8221; header_letter_spacing=&#8221;1px&#8221; header_line_height=&#8221;1.3em&#8221; max_width=&#8221;100%&#8221; custom_margin=&#8221;|-447px||||&#8221; custom_padding=&#8221;0px|0px|0px|||&#8221; global_colors_info=&#8221;{}&#8221;]<\/p>\n<p>Sur cette page, vous trouverez un aper\u00e7u de toutes les informations que Cum Cura VZW met \u00e0 votre disposition lors de nos CumCura Days ou d'autres moments d'information.<\/p>\n<p><strong>Souhaitez-vous entrer en contact avec des compagnons de souffrance?<\/strong><\/p>\n<p><strong><\/strong><\/p>\n<blockquote>\n<ul>\n<li><span style=\"font-size: 16px;\">Viens au<strong> <a href=\"https:\/\/cumcura.be\/fr\/activiteit\/\"><span style=\"text-decoration: underline;\"><span style=\"color: #ebf6fd; text-decoration: underline;\">CumCuraDay<\/span><\/span><\/a><\/strong>.<\/span><\/li>\n<li><span style=\"font-size: 16px;\">Demandez votre adh\u00e9sion gratuitement dans un magasin ferm\u00e9 <strong>groupe Facebook<\/strong> des survivants.<\/span><\/li>\n<li>Contactez-nous pour une <strong>consultation<\/strong> <strong>individuelle<\/strong><span style=\"color: #ffffff;\"><\/span><\/li>\n<\/ul>\n<\/blockquote>\n<p>[\/et_pb_text][\/et_pb_column][et_pb_column type=&#8221;1_3&#8243; _builder_version=&#8221;4.16&#8243; custom_padding=&#8221;||60px|&#8221; global_colors_info=&#8221;{}&#8221; custom_padding__hover=&#8221;|||&#8221;][et_pb_image src=&#8221;https:\/\/cumcura.be\/wp-content\/uploads\/2019\/04\/TestBollen.png&#8221; title_text=&#8221;TestBollen&#8221; align=&#8221;right&#8221; _builder_version=&#8221;4.21.2&#8243; _module_preset=&#8221;default&#8221; max_width=&#8221;100%&#8221; custom_margin=&#8221;-42px|113px||||&#8221; custom_padding=&#8221;24px|||0px||&#8221; animation_style=&#8221;slide&#8221; global_colors_info=&#8221;{}&#8221;][\/et_pb_image][\/et_pb_column][\/et_pb_row][\/et_pb_section][et_pb_section fb_built=&#8221;1&#8243; _builder_version=&#8221;4.21.2&#8243; _module_preset=&#8221;default&#8221; background_color=&#8221;#EBF6FD&#8221; custom_margin=&#8221;0px||0px||false|false&#8221; custom_padding=&#8221;29px||0px||false|false&#8221; global_colors_info=&#8221;{}&#8221;][et_pb_row column_structure=&#8221;1_3,1_3,1_3&#8243; _builder_version=&#8221;4.21.2&#8243; _module_preset=&#8221;default&#8221; min_height=&#8221;326.4px&#8221; global_colors_info=&#8221;{}&#8221;][et_pb_column type=&#8221;1_3&#8243; _builder_version=&#8221;4.21.2&#8243; _module_preset=&#8221;default&#8221; global_colors_info=&#8221;{}&#8221;][et_pb_text _builder_version=&#8221;4.27.2&#8243; _module_preset=&#8221;default&#8221; custom_margin=&#8221;|-41px||||&#8221; custom_padding=&#8221;|0px||||&#8221; link_option_url_new_window=&#8221;on&#8221; global_colors_info=&#8221;{}&#8221;]<\/p>\n<h2><span style=\"color: #00ccff;\"><strong>CumCuraDay<\/strong><\/span><\/h2>\n<p><strong>22 novembre 2025<\/strong><\/p>\n<p><strong><\/strong><\/p>\n<ul>\n<li><em>1 &#8211; <span style=\"color: #00ccff;\"><strong>Mise \u00e0 jour du Plan Cancer belge 2025-2030<\/strong><\/span><br \/>Lina Vissenaeken &#8211; Cum Cura VZW<\/em><\/li>\n<\/ul>\n<blockquote>\n<p>Vous pouvez t\u00e9l\u00e9charger la pr\u00e9sentation 1 <a href=\"https:\/\/cumcura.be\/wp-content\/uploads\/2025\/11\/2025-11-CumCuraDag_Kankerplan2025.pdf\" target=\"_blank\" rel=\"noopener\">ici<\/a> .<\/p>\n<\/blockquote>\n<p>[\/et_pb_text][\/et_pb_column][et_pb_column type=&#8221;1_3&#8243; _builder_version=&#8221;4.21.2&#8243; _module_preset=&#8221;default&#8221; global_colors_info=&#8221;{}&#8221;][et_pb_video src=&#8221;https:\/\/youtu.be\/ueta0Ddddfg&#8221; image_src=&#8221;https:\/\/cumcura.be\/wp-content\/uploads\/2025\/11\/2025-11-CumCuraDag_Kankerplan2025_tumbnail-scaled.jpg&#8221; _builder_version=&#8221;4.27.2&#8243; _module_preset=&#8221;default&#8221; width=&#8221;100%&#8221; custom_margin=&#8221;26px||0px||false|false&#8221; global_colors_info=&#8221;{}&#8221;][\/et_pb_video][\/et_pb_column][et_pb_column type=&#8221;1_3&#8243; _builder_version=&#8221;4.21.2&#8243; _module_preset=&#8221;default&#8221; global_colors_info=&#8221;{}&#8221;][\/et_pb_column][\/et_pb_row][\/et_pb_section][et_pb_section fb_built=&#8221;1&#8243; _builder_version=&#8221;4.21.2&#8243; _module_preset=&#8221;default&#8221; background_enable_color=&#8221;off&#8221; custom_margin=&#8221;0px||0px||false|false&#8221; custom_padding=&#8221;29px||0px||false|false&#8221; global_colors_info=&#8221;{}&#8221;][et_pb_row column_structure=&#8221;1_3,1_3,1_3&#8243; _builder_version=&#8221;4.21.2&#8243; _module_preset=&#8221;default&#8221; min_height=&#8221;326.4px&#8221; custom_padding=&#8221;||27px|||&#8221; global_colors_info=&#8221;{}&#8221;][et_pb_column type=&#8221;1_3&#8243; _builder_version=&#8221;4.21.2&#8243; _module_preset=&#8221;default&#8221; global_colors_info=&#8221;{}&#8221;][et_pb_text _builder_version=&#8221;4.27.2&#8243; _module_preset=&#8221;default&#8221; custom_margin=&#8221;|-41px||||&#8221; custom_padding=&#8221;|0px||||&#8221; link_option_url_new_window=&#8221;on&#8221; global_colors_info=&#8221;{}&#8221;]<\/p>\n<h2><span style=\"color: #00ccff;\"><strong>2025 Congr\u00e8s Sarcome Bordet<\/strong><\/span><\/h2>\n<p><strong>1 juillet 2025<\/strong><\/p>\n<p><strong><\/strong><\/p>\n<ul>\n<li><em>1 &#8211;<span style=\"color: #00ccff;\"><strong>Des id\u00e9es internationales \u00e0 la collaboration belge: La force des patients dans les soins du sarcome Lina Vissenaeken \u2013 Cum Cura VZW<\/strong><\/span><br \/>Lina Vissenaeken &#8211; Cum Cura VZW<\/em><\/li>\n<\/ul>\n<ul><\/ul>\n<blockquote>\n<p>Vous pouvez t\u00e9l\u00e9charger la pr\u00e9sentation 1 <a href=\"https:\/\/cumcura.be\/wp-content\/uploads\/2025\/11\/2025_PPT-Bordet-gecomprimeerd-v-stan-v2.pdf\" target=\"_blank\" rel=\"noopener\">ici<\/a> .<\/p>\n<\/blockquote>\n<p>[\/et_pb_text][\/et_pb_column][et_pb_column type=&#8221;1_3&#8243; _builder_version=&#8221;4.21.2&#8243; _module_preset=&#8221;default&#8221; global_colors_info=&#8221;{}&#8221;][et_pb_video src=&#8221;https:\/\/youtu.be\/ZwUJGUAR2ac&#8221; image_src=&#8221;https:\/\/cumcura.be\/wp-content\/uploads\/2025\/11\/2025_PPT-Bordet-gecomprimeerd-v-stan-tumbnail-scaled.jpg&#8221; _builder_version=&#8221;4.27.2&#8243; _module_preset=&#8221;default&#8221; width=&#8221;100%&#8221; custom_margin=&#8221;26px||0px||false|false&#8221; global_colors_info=&#8221;{}&#8221;][\/et_pb_video][\/et_pb_column][et_pb_column type=&#8221;1_3&#8243; _builder_version=&#8221;4.21.2&#8243; _module_preset=&#8221;default&#8221; global_colors_info=&#8221;{}&#8221;][\/et_pb_column][\/et_pb_row][\/et_pb_section][et_pb_section fb_built=&#8221;1&#8243; _builder_version=&#8221;4.21.2&#8243; _module_preset=&#8221;default&#8221; background_color=&#8221;#EBF6FD&#8221; custom_margin=&#8221;0px||0px||false|false&#8221; custom_padding=&#8221;29px||0px||false|false&#8221; global_colors_info=&#8221;{}&#8221;][et_pb_row column_structure=&#8221;1_3,1_3,1_3&#8243; _builder_version=&#8221;4.21.2&#8243; _module_preset=&#8221;default&#8221; min_height=&#8221;326.4px&#8221; global_colors_info=&#8221;{}&#8221;][et_pb_column type=&#8221;1_3&#8243; _builder_version=&#8221;4.21.2&#8243; _module_preset=&#8221;default&#8221; global_colors_info=&#8221;{}&#8221;][et_pb_text _builder_version=&#8221;4.27.2&#8243; _module_preset=&#8221;default&#8221; custom_margin=&#8221;|-30px||||&#8221; custom_padding=&#8221;|0px||||&#8221; link_option_url_new_window=&#8221;on&#8221; global_colors_info=&#8221;{}&#8221;]<\/p>\n<h2><span style=\"color: #00ccff;\"><strong>2024 CumCuraDay<\/strong><\/span><\/h2>\n<p><strong>23 november 2024<\/strong><\/p>\n<p><strong><\/strong><\/p>\n<ul>\n<li><em>1 &#8211; <span style=\"color: #00ccff;\"><strong>Sociale voorzieningen<\/strong><\/span><br \/><\/em><em>Travailleuse sociale Emma Temmerman<\/em><\/li>\n<\/ul>\n<blockquote>\n<p>Vous pouvez t\u00e9l\u00e9charger la pr\u00e9sentation 1 <a href=\"https:\/\/cumcura.be\/wp-content\/uploads\/2024\/01\/2022-Voorstelling-Rentree.pdf\" rel=\"attachment noopener wp-att-1731\" target=\"_blank\">ici<\/a> .<\/p>\n<\/blockquote>\n<p>[\/et_pb_text][\/et_pb_column][et_pb_column type=&#8221;1_3&#8243; _builder_version=&#8221;4.21.2&#8243; _module_preset=&#8221;default&#8221; global_colors_info=&#8221;{}&#8221;][et_pb_video src=&#8221;https:\/\/youtu.be\/bRbBJvObbec&#8221; image_src=&#8221;https:\/\/cumcura.be\/wp-content\/uploads\/2025\/07\/CCDag_presentatie1.jpg&#8221; _builder_version=&#8221;4.27.2&#8243; _module_preset=&#8221;default&#8221; width=&#8221;100%&#8221; global_colors_info=&#8221;{}&#8221;][\/et_pb_video][\/et_pb_column][et_pb_column type=&#8221;1_3&#8243; _builder_version=&#8221;4.27.2&#8243; _module_preset=&#8221;default&#8221; global_colors_info=&#8221;{}&#8221;][\/et_pb_column][\/et_pb_row][\/et_pb_section][et_pb_section fb_built=&#8221;1&#8243; _builder_version=&#8221;4.21.2&#8243; _module_preset=&#8221;default&#8221; background_enable_color=&#8221;off&#8221; custom_margin=&#8221;0px||0px||false|false&#8221; custom_padding=&#8221;29px||0px||false|false&#8221; global_colors_info=&#8221;{}&#8221;][et_pb_row column_structure=&#8221;1_3,1_3,1_3&#8243; _builder_version=&#8221;4.21.2&#8243; _module_preset=&#8221;default&#8221; min_height=&#8221;326.4px&#8221; global_colors_info=&#8221;{}&#8221;][et_pb_column type=&#8221;1_3&#8243; _builder_version=&#8221;4.21.2&#8243; _module_preset=&#8221;default&#8221; global_colors_info=&#8221;{}&#8221;][et_pb_text _builder_version=&#8221;4.21.2&#8243; _module_preset=&#8221;default&#8221; custom_margin=&#8221;|-41px||||&#8221; custom_padding=&#8221;|0px||||&#8221; link_option_url_new_window=&#8221;on&#8221; global_colors_info=&#8221;{}&#8221;]<\/p>\n<h2><span style=\"color: #00ccff;\"><strong>2023 CumCuraDay<\/strong><\/span><\/h2>\n<p><strong>le samedi 18 novembre 2023<\/strong><\/p>\n<p><strong><\/strong><\/p>\n<ul>\n<li><em>1 &#8211; <\/em><em><span style=\"color: #00ccff;\"><strong>R\u00e9sultats de la recherche doctorale Sarcome<\/strong><\/span><br \/>Dr Suzanne Fischer\u00a0<\/em><em><\/em><\/li>\n<\/ul>\n<ul>\n<li><em>2 &#8211; <span style=\"color: #00ccff;\"><strong>Dernier d\u00e9veloppement du traitement Desmoid<\/strong><\/span><br \/>Dr Evelyn Roets<\/em><\/li>\n<\/ul>\n<blockquote>\n<p>Vous pouvez t\u00e9l\u00e9charger la pr\u00e9sentation 1 <a href=\"https:\/\/cumcura.be\/wp-content\/uploads\/2024\/01\/2023_Lotgenotendag_Sarcoma-v2.pdf\" target=\"_blank\" rel=\"noopener\">ici<\/a> .<br \/>Vous pouvez t\u00e9l\u00e9charger la pr\u00e9sentation 2 <a href=\"https:\/\/cumcura.be\/wp-content\/uploads\/2024\/01\/2023_Lotgenotendag_Desmoid.pdf\" target=\"_blank\" rel=\"noopener\">ici<\/a> .<\/p>\n<\/blockquote>\n<p>[\/et_pb_text][\/et_pb_column][et_pb_column type=&#8221;1_3&#8243; _builder_version=&#8221;4.21.2&#8243; _module_preset=&#8221;default&#8221; global_colors_info=&#8221;{}&#8221;][et_pb_video src=&#8221;https:\/\/youtu.be\/CBoXcmQ_jko&#8221; image_src=&#8221;\/\/i.ytimg.com\/vi\/CBoXcmQ_jko\/hqdefault.jpg&#8221; _builder_version=&#8221;4.21.2&#8243; _module_preset=&#8221;default&#8221; width=&#8221;100%&#8221; custom_margin=&#8221;0px||0px||false|false&#8221; global_colors_info=&#8221;{}&#8221;][\/et_pb_video][\/et_pb_column][et_pb_column type=&#8221;1_3&#8243; _builder_version=&#8221;4.21.2&#8243; _module_preset=&#8221;default&#8221; global_colors_info=&#8221;{}&#8221;][et_pb_video src=&#8221;https:\/\/youtu.be\/IPStfOwwAdg&#8221; image_src=&#8221;\/\/i.ytimg.com\/vi\/IPStfOwwAdg\/hqdefault.jpg&#8221; _builder_version=&#8221;4.21.2&#8243; _module_preset=&#8221;default&#8221; width=&#8221;100%&#8221; custom_margin=&#8221;26px||0px||false|false&#8221; global_colors_info=&#8221;{}&#8221;][\/et_pb_video][\/et_pb_column][\/et_pb_row][\/et_pb_section][et_pb_section fb_built=&#8221;1&#8243; _builder_version=&#8221;4.21.2&#8243; _module_preset=&#8221;default&#8221; background_color=&#8221;#EBF6FD&#8221; custom_margin=&#8221;0px||0px||false|false&#8221; custom_padding=&#8221;29px||0px||false|false&#8221; global_colors_info=&#8221;{}&#8221;][et_pb_row column_structure=&#8221;1_3,1_3,1_3&#8243; _builder_version=&#8221;4.21.2&#8243; _module_preset=&#8221;default&#8221; min_height=&#8221;326.4px&#8221; global_colors_info=&#8221;{}&#8221;][et_pb_column type=&#8221;1_3&#8243; _builder_version=&#8221;4.21.2&#8243; _module_preset=&#8221;default&#8221; global_colors_info=&#8221;{}&#8221;][et_pb_text _builder_version=&#8221;4.21.2&#8243; _module_preset=&#8221;default&#8221; custom_margin=&#8221;|-30px||||&#8221; custom_padding=&#8221;|0px||||&#8221; link_option_url_new_window=&#8221;on&#8221; global_colors_info=&#8221;{}&#8221;]<\/p>\n<h2><span style=\"color: #00ccff;\"><strong>2022 CumCuraDay<\/strong><\/span><\/h2>\n<p><strong>26 novembre 2022<\/strong><\/p>\n<p><strong><\/strong><\/p>\n<ul>\n<li><em>1 &#8211; <span style=\"color: #00ccff;\"><strong>Orientation vers le travail<\/strong><\/span><br \/><\/em><em>entra\u00eeneur retour Marina Loys de Compaan<\/em><\/li>\n<\/ul>\n<ul>\n<li><em>2 &#8211; <span style=\"color: #00ccff;\"><strong>Du sport pour tous<\/strong><\/span><br \/>Ksenija van de Voorde de G-sport Flandre<\/em><\/li>\n<\/ul>\n<blockquote>\n<p>Vous pouvez t\u00e9l\u00e9charger la pr\u00e9sentation 1 <a href=\"https:\/\/cumcura.be\/wp-content\/uploads\/2024\/01\/2022-Voorstelling-Rentree.pdf\" target=\"_blank\" rel=\"noopener\">ici<\/a> .<br \/>Vous pouvez t\u00e9l\u00e9charger la pr\u00e9sentation 2 <a href=\"https:\/\/cumcura.be\/wp-content\/uploads\/2024\/01\/2022-Voorstelling-G_sport.pdf\" target=\"_blank\" rel=\"noopener\">ici<\/a> .<\/p>\n<\/blockquote>\n<p>[\/et_pb_text][\/et_pb_column][et_pb_column type=&#8221;1_3&#8243; _builder_version=&#8221;4.21.2&#8243; _module_preset=&#8221;default&#8221; global_colors_info=&#8221;{}&#8221;][et_pb_video src=&#8221;https:\/\/youtu.be\/R_07DLSf1YM&#8221; image_src=&#8221;\/\/i.ytimg.com\/vi\/R_07DLSf1YM\/hqdefault.jpg&#8221; _builder_version=&#8221;4.21.2&#8243; _module_preset=&#8221;default&#8221; width=&#8221;100%&#8221; global_colors_info=&#8221;{}&#8221;][\/et_pb_video][\/et_pb_column][et_pb_column type=&#8221;1_3&#8243; _builder_version=&#8221;4.21.2&#8243; _module_preset=&#8221;default&#8221; global_colors_info=&#8221;{}&#8221;][et_pb_video src=&#8221;https:\/\/youtu.be\/yrz3_d_nMV8&#8243; image_src=&#8221;\/\/i.ytimg.com\/vi\/yrz3_d_nMV8\/hqdefault.jpg&#8221; _builder_version=&#8221;4.21.2&#8243; _module_preset=&#8221;default&#8221; width=&#8221;100%&#8221; global_colors_info=&#8221;{}&#8221;][\/et_pb_video][\/et_pb_column][\/et_pb_row][\/et_pb_section][et_pb_section fb_built=&#8221;1&#8243; _builder_version=&#8221;4.21.2&#8243; _module_preset=&#8221;default&#8221; background_enable_color=&#8221;off&#8221; custom_margin=&#8221;0px||0px||false|false&#8221; custom_padding=&#8221;29px||0px||false|false&#8221; global_colors_info=&#8221;{}&#8221;][et_pb_row column_structure=&#8221;1_3,1_3,1_3&#8243; _builder_version=&#8221;4.21.2&#8243; _module_preset=&#8221;default&#8221; min_height=&#8221;326.4px&#8221; global_colors_info=&#8221;{}&#8221;][et_pb_column type=&#8221;1_3&#8243; _builder_version=&#8221;4.21.2&#8243; _module_preset=&#8221;default&#8221; global_colors_info=&#8221;{}&#8221;][et_pb_text _builder_version=&#8221;4.21.2&#8243; _module_preset=&#8221;default&#8221; custom_margin=&#8221;|-41px||||&#8221; custom_padding=&#8221;|0px||||&#8221; link_option_url_new_window=&#8221;on&#8221; global_colors_info=&#8221;{}&#8221;]<\/p>\n<h2><span style=\"color: #00ccff;\"><strong>2021 CumCuraDay<\/strong><\/span><\/h2>\n<p><strong>13 novembre 2021<\/strong><\/p>\n<p>&nbsp;<\/p>\n<ul>\n<li><em>1 &#8211; <span style=\"color: #00ccff;\"><strong>Traitement des pertes en cas d'incapacit\u00e9 fonctionnelle<\/strong><\/span><\/em><em><br \/>Nathalie Vandecasteele, psychologue\u00a0<\/em><em><\/em><\/li>\n<li><em>2 &#8211; <span style=\"color: #00ccff;\"><strong>La recherche doctorale Sarcome<\/strong><\/span><\/em><em><br \/>Dr Suzanne Fischer\u00a0<\/em><\/li>\n<li><em>3 &#8211; <span style=\"color: #00ccff;\"><strong>D\u00e9veloppement du traitement Desmoid<\/strong><\/span><br \/>Dr Evelyn Roets<\/em><\/li>\n<\/ul>\n<ul><\/ul>\n<blockquote>\n<p>Vous pouvez t\u00e9l\u00e9charger la pr\u00e9sentation 1 <a href=\"https:\/\/cumcura.be\/wp-content\/uploads\/2024\/01\/2021_Rouw-functieverlies.pdf\" target=\"_blank\" rel=\"noopener\">ici <\/a>.<\/p>\n<p>Vous pouvez t\u00e9l\u00e9charger la pr\u00e9sentation 2 <a href=\"https:\/\/cumcura.be\/wp-content\/uploads\/2024\/01\/2021_Onderzoek-sarcoma.pdf\" target=\"_blank\" rel=\"noopener\">ici <\/a>.<\/p>\n<\/blockquote>\n<p>[\/et_pb_text][\/et_pb_column][et_pb_column type=&#8221;1_3&#8243; _builder_version=&#8221;4.21.2&#8243; _module_preset=&#8221;default&#8221; global_colors_info=&#8221;{}&#8221;][et_pb_video src=&#8221;https:\/\/youtu.be\/Xbtw8n2oBiA&#8221; image_src=&#8221;\/\/i.ytimg.com\/vi\/Xbtw8n2oBiA\/hqdefault.jpg&#8221; _builder_version=&#8221;4.21.2&#8243; _module_preset=&#8221;default&#8221; width=&#8221;100%&#8221; global_colors_info=&#8221;{}&#8221;][\/et_pb_video][\/et_pb_column][et_pb_column type=&#8221;1_3&#8243; _builder_version=&#8221;4.21.2&#8243; _module_preset=&#8221;default&#8221; global_colors_info=&#8221;{}&#8221;][et_pb_video src=&#8221;https:\/\/youtu.be\/1z8-TtHPuqk&#8221; image_src=&#8221;\/\/i.ytimg.com\/vi\/1z8-TtHPuqk\/hqdefault.jpg&#8221; _builder_version=&#8221;4.21.2&#8243; _module_preset=&#8221;default&#8221; width=&#8221;100%&#8221; global_colors_info=&#8221;{}&#8221;][\/et_pb_video][\/et_pb_column][\/et_pb_row][\/et_pb_section][et_pb_section fb_built=&#8221;1&#8243; admin_label=&#8221;Hero&#8221; _builder_version=&#8221;4.21.2&#8243; background_color=&#8221;#4bc0eb&#8221; use_background_color_gradient=&#8221;on&#8221; background_color_gradient_direction=&#8221;16deg&#8221; background_color_gradient_stops=&#8221;rgba(62,144,221,0.64) 0%|rgba(145,223,247,0.94) 100%&#8221; background_color_gradient_start=&#8221;rgba(62,144,221,0.64)&#8221; background_color_gradient_end=&#8221;rgba(145,223,247,0.94)&#8221; custom_margin=&#8221;1px||0px||false|false&#8221; custom_padding=&#8221;20px|0px|0|0px|false|false&#8221; global_colors_info=&#8221;{}&#8221;][et_pb_row _builder_version=&#8221;4.21.2&#8243; _module_preset=&#8221;default&#8221; min_height=&#8221;91.6px&#8221; custom_padding=&#8221;18px|||||&#8221; global_colors_info=&#8221;{}&#8221;][et_pb_column type=&#8221;4_4&#8243; _builder_version=&#8221;4.21.2&#8243; _module_preset=&#8221;default&#8221; global_colors_info=&#8221;{}&#8221;][et_pb_text _builder_version=&#8221;4.21.2&#8243; _module_preset=&#8221;default&#8221; text_font_size=&#8221;16px&#8221; text_line_height=&#8221;2em&#8221; header_2_font=&#8221;|700|||||||&#8221; header_2_font_size=&#8221;36px&#8221; header_2_line_height=&#8221;1.6em&#8221; custom_margin=&#8221;0px||0px||false|false&#8221; custom_padding=&#8221;0px||0px|||&#8221; header_2_font_size_tablet=&#8221;36px&#8221; header_2_font_size_phone=&#8221;20px&#8221; header_2_font_size_last_edited=&#8221;on|desktop&#8221; global_colors_info=&#8221;{}&#8221;]<\/p>\n<h2><span style=\"color: #ffffff;\">Histoires familiales de survivants<\/span><\/h2>\n<p>[\/et_pb_text][et_pb_divider divider_weight=&#8221;0px&#8221; _builder_version=&#8221;4.21.2&#8243; _module_preset=&#8221;default&#8221; background_color=&#8221;#9E9E9E&#8221; background_image=&#8221;https:\/\/cumcura.be\/wp-content\/uploads\/2019\/04\/Divider_Desmoid-e1596041731639.png&#8221; max_width=&#8221;20%&#8221; module_alignment=&#8221;left&#8221; height=&#8221;5px&#8221; global_colors_info=&#8221;{}&#8221;][\/et_pb_divider][\/et_pb_column][\/et_pb_row][et_pb_row column_structure=&#8221;1_2,1_2&#8243; _builder_version=&#8221;4.21.2&#8243; _module_preset=&#8221;default&#8221; global_colors_info=&#8221;{}&#8221;][et_pb_column type=&#8221;1_2&#8243; _builder_version=&#8221;4.21.2&#8243; _module_preset=&#8221;default&#8221; global_colors_info=&#8221;{}&#8221;][et_pb_image src=&#8221;https:\/\/cumcura.be\/wp-content\/uploads\/2019\/04\/TestBollen.png&#8221; title_text=&#8221;TestBollen&#8221; align=&#8221;center&#8221; _builder_version=&#8221;4.21.2&#8243; _module_preset=&#8221;default&#8221; width=&#8221;100%&#8221; module_alignment=&#8221;left&#8221; custom_margin=&#8221;20px|233px|20px|0px|true|false&#8221; custom_padding=&#8221;0px|0px|0px|0px|false|false&#8221; animation_style=&#8221;slide&#8221; global_colors_info=&#8221;{}&#8221;][\/et_pb_image][\/et_pb_column][et_pb_column type=&#8221;1_2&#8243; _builder_version=&#8221;4.21.2&#8243; _module_preset=&#8221;default&#8221; global_colors_info=&#8221;{}&#8221;][et_pb_text _builder_version=&#8221;4.27.2&#8243; _module_preset=&#8221;default&#8221; link_option_url=&#8221;https:\/\/cumcura.be\/product\/brul-boek-nijlpaard\/&#8221; link_option_url_new_window=&#8221;on&#8221; global_colors_info=&#8221;{}&#8221;]<\/p>\n<p><img data-recalc-dims=\"1\" loading=\"lazy\" decoding=\"async\" src=\"https:\/\/i0.wp.com\/cumcura.be\/wp-content\/uploads\/2025\/07\/1.10.-Boek-Nijlpaard-voor-Kerstmis-foto2.jpg?resize=1080%2C697&#038;ssl=1\" width=\"1080\" height=\"697\" alt=\"\" class=\"wp-image-1743 aligncenter size-full\" srcset=\"https:\/\/cumcura.be\/wp-content\/uploads\/2025\/07\/1.10.-Boek-Nijlpaard-voor-Kerstmis-foto2.jpg 2048w, https:\/\/cumcura.be\/wp-content\/uploads\/2025\/07\/1.10.-Boek-Nijlpaard-voor-Kerstmis-foto2-1280x826.jpg 1280w, https:\/\/cumcura.be\/wp-content\/uploads\/2025\/07\/1.10.-Boek-Nijlpaard-voor-Kerstmis-foto2-980x632.jpg 980w, https:\/\/cumcura.be\/wp-content\/uploads\/2025\/07\/1.10.-Boek-Nijlpaard-voor-Kerstmis-foto2-480x310.jpg 480w\" sizes=\"(min-width: 0px) and (max-width: 480px) 480px, (min-width: 481px) and (max-width: 980px) 980px, (min-width: 981px) and (max-width: 1280px) 1280px, (min-width: 1281px) 2048px, 100vw\" \/><\/p>\n<h2><\/h2>\n<h2><span style=\"color: #ffffff;\"><strong>Le livre \u00ab Hippo pour No\u00ebl \u00bb<\/strong><\/span><\/h2>\n<p><span style=\"color: #ffffff;\"><strong>Le livre \u00ab Hippo pour No\u00ebl \u00bb<\/strong>\u00a0est l\u2019histoire biographique d\u2019un p\u00e8re qui\u00a0<strong>\u00e9crit sur son fils\u00a0<\/strong>atteint d\u2019un cancer des os. Ce livre n\u2019\u00e9vite pas les difficiles sentiments d\u2019impuissance, de frustration et de col\u00e8re. Mais tout au long de l\u2019histoire,\u00a0<b>vous trouverez l\u2019espoir<\/b>\u00a0d\u2019un avenir<strong>comme fil conducteur.<\/strong>\u00a0Un livre auquel un compagnon de souffrance peut s\u2019identifier.<\/span><\/p>\n<p><span style=\"color: #ffffff;\">L'hippopotame r\u00e9confortant tout au long du livre\u00a0<strong>Brul<\/strong>\u00a0s'appelle Brul.\u00a0<strong>Brul est disponible sous forme de peluche<\/strong> dans la <a href=\"https:\/\/cumcura.be\/fr\/produit\/brul-boek-nijlpaard\/\" target=\"_blank\" rel=\"noopener\" style=\"color: #ffffff;\">boutique en ligne.<\/a>.<\/span><\/p>\n<p>[\/et_pb_text][\/et_pb_column][\/et_pb_row][\/et_pb_section]<\/p>","protected":false},"excerpt":{"rendered":"<p>InfotheekOp deze pagina vind je een overzicht van alle informatie die Cum Cura VZW ter beschikking stelt vanuit onze CumCuraDagen of andere infomomenten. Wil je graag met lotgenoten in contact komen? Kom naar de CumCuraDag. Vraag gratis je lidmaatschap aan bij een afgesloten facebookgroep van lotgenoten Contacteer ons voor een individueel gesprek 2025 CumCuraDag 22 [&hellip;]<\/p>","protected":false},"author":1,"featured_media":0,"parent":0,"menu_order":0,"comment_status":"closed","ping_status":"closed","template":"","meta":{"_et_pb_use_builder":"on","_et_pb_old_content":"","_et_gb_content_width":"","jetpack_post_was_ever_published":false,"footnotes":""},"class_list":["post-1137","page","type-page","status-publish","hentry"],"yoast_head":"<!-- This site is optimized with the Yoast SEO plugin v25.6 - https:\/\/yoast.com\/wordpress\/plugins\/seo\/ -->\n<title>Infotheek - Cum Cura<\/title>\n<meta name=\"robots\" content=\"index, follow, max-snippet:-1, max-image-preview:large, max-video-preview:-1\" \/>\n<link rel=\"canonical\" href=\"https:\/\/cumcura.be\/fr\/infotheek\/\" \/>\n<meta property=\"og:locale\" content=\"fr_FR\" \/>\n<meta property=\"og:type\" content=\"article\" \/>\n<meta property=\"og:title\" content=\"Infotheek - Cum Cura\" \/>\n<meta property=\"og:description\" content=\"InfotheekOp deze pagina vind je een overzicht van alle informatie die Cum Cura VZW ter beschikking stelt vanuit onze CumCuraDagen of andere infomomenten. Wil je graag met lotgenoten in contact komen? Kom naar de CumCuraDag. Vraag gratis je lidmaatschap aan bij een afgesloten facebookgroep van lotgenoten Contacteer ons voor een individueel gesprek 2025 CumCuraDag 22 [&hellip;]\" \/>\n<meta property=\"og:url\" content=\"https:\/\/cumcura.be\/fr\/infotheek\/\" \/>\n<meta property=\"og:site_name\" content=\"Cum Cura\" \/>\n<meta property=\"article:publisher\" content=\"https:\/\/www.facebook.com\/CumCuraVZW\/\" \/>\n<meta property=\"article:modified_time\" content=\"2026-02-06T10:04:37+00:00\" \/>\n<meta property=\"og:image\" content=\"https:\/\/cumcura.be\/wp-content\/uploads\/2025\/07\/1.10.-Boek-Nijlpaard-voor-Kerstmis-foto2.jpg\" \/>\n<meta name=\"twitter:card\" content=\"summary_large_image\" \/>\n<script type=\"application\/ld+json\" class=\"yoast-schema-graph\">{\"@context\":\"https:\/\/schema.org\",\"@graph\":[{\"@type\":\"WebPage\",\"@id\":\"https:\/\/cumcura.be\/infotheek\/\",\"url\":\"https:\/\/cumcura.be\/infotheek\/\",\"name\":\"Infotheek - Cum Cura\",\"isPartOf\":{\"@id\":\"https:\/\/cumcura.be\/en\/#website\"},\"primaryImageOfPage\":{\"@id\":\"https:\/\/cumcura.be\/infotheek\/#primaryimage\"},\"image\":{\"@id\":\"https:\/\/cumcura.be\/infotheek\/#primaryimage\"},\"thumbnailUrl\":\"https:\/\/cumcura.be\/wp-content\/uploads\/2025\/07\/1.10.-Boek-Nijlpaard-voor-Kerstmis-foto2.jpg\",\"datePublished\":\"2024-01-14T12:04:02+00:00\",\"dateModified\":\"2026-02-06T10:04:37+00:00\",\"breadcrumb\":{\"@id\":\"https:\/\/cumcura.be\/infotheek\/#breadcrumb\"},\"inLanguage\":\"fr-FR\",\"potentialAction\":[{\"@type\":\"ReadAction\",\"target\":[\"https:\/\/cumcura.be\/infotheek\/\"]}]},{\"@type\":\"ImageObject\",\"inLanguage\":\"fr-FR\",\"@id\":\"https:\/\/cumcura.be\/infotheek\/#primaryimage\",\"url\":\"https:\/\/cumcura.be\/wp-content\/uploads\/2025\/07\/1.10.-Boek-Nijlpaard-voor-Kerstmis-foto2.jpg\",\"contentUrl\":\"https:\/\/cumcura.be\/wp-content\/uploads\/2025\/07\/1.10.-Boek-Nijlpaard-voor-Kerstmis-foto2.jpg\"},{\"@type\":\"BreadcrumbList\",\"@id\":\"https:\/\/cumcura.be\/infotheek\/#breadcrumb\",\"itemListElement\":[{\"@type\":\"ListItem\",\"position\":1,\"name\":\"Home\",\"item\":\"https:\/\/cumcura.be\/\"},{\"@type\":\"ListItem\",\"position\":2,\"name\":\"Infotheek\"}]},{\"@type\":\"WebSite\",\"@id\":\"https:\/\/cumcura.be\/en\/#website\",\"url\":\"https:\/\/cumcura.be\/en\/\",\"name\":\"Cum Cura\",\"description\":\"Kanker met zorg\",\"publisher\":{\"@id\":\"https:\/\/cumcura.be\/en\/#organization\"},\"potentialAction\":[{\"@type\":\"SearchAction\",\"target\":{\"@type\":\"EntryPoint\",\"urlTemplate\":\"https:\/\/cumcura.be\/en\/?s={search_term_string}\"},\"query-input\":{\"@type\":\"PropertyValueSpecification\",\"valueRequired\":true,\"valueName\":\"search_term_string\"}}],\"inLanguage\":\"fr-FR\"},{\"@type\":\"Organization\",\"@id\":\"https:\/\/cumcura.be\/en\/#organization\",\"name\":\"Cum Cura\",\"url\":\"https:\/\/cumcura.be\/en\/\",\"logo\":{\"@type\":\"ImageObject\",\"inLanguage\":\"fr-FR\",\"@id\":\"https:\/\/cumcura.be\/en\/#\/schema\/logo\/image\/\",\"url\":\"https:\/\/cumcura.be\/wp-content\/uploads\/2018\/11\/CUMCURA_LOGO_CLEAN_CMYK.png\",\"contentUrl\":\"https:\/\/cumcura.be\/wp-content\/uploads\/2018\/11\/CUMCURA_LOGO_CLEAN_CMYK.png\",\"width\":1772,\"height\":975,\"caption\":\"Cum Cura\"},\"image\":{\"@id\":\"https:\/\/cumcura.be\/en\/#\/schema\/logo\/image\/\"},\"sameAs\":[\"https:\/\/www.facebook.com\/CumCuraVZW\/\",\"https:\/\/www.instagram.com\/cumcuravzw\/\"]}]}<\/script>\n<!-- \/ Yoast SEO plugin. -->","yoast_head_json":{"title":"Infotheek - Cum Cura","robots":{"index":"index","follow":"follow","max-snippet":"max-snippet:-1","max-image-preview":"max-image-preview:large","max-video-preview":"max-video-preview:-1"},"canonical":"https:\/\/cumcura.be\/fr\/infotheek\/","og_locale":"fr_FR","og_type":"article","og_title":"Infotheek - Cum Cura","og_description":"InfotheekOp deze pagina vind je een overzicht van alle informatie die Cum Cura VZW ter beschikking stelt vanuit onze CumCuraDagen of andere infomomenten. Wil je graag met lotgenoten in contact komen? Kom naar de CumCuraDag. Vraag gratis je lidmaatschap aan bij een afgesloten facebookgroep van lotgenoten Contacteer ons voor een individueel gesprek 2025 CumCuraDag 22 [&hellip;]","og_url":"https:\/\/cumcura.be\/fr\/infotheek\/","og_site_name":"Cum Cura","article_publisher":"https:\/\/www.facebook.com\/CumCuraVZW\/","article_modified_time":"2026-02-06T10:04:37+00:00","og_image":[{"url":"https:\/\/cumcura.be\/wp-content\/uploads\/2025\/07\/1.10.-Boek-Nijlpaard-voor-Kerstmis-foto2.jpg","type":"","width":"","height":""}],"twitter_card":"summary_large_image","schema":{"@context":"https:\/\/schema.org","@graph":[{"@type":"WebPage","@id":"https:\/\/cumcura.be\/infotheek\/","url":"https:\/\/cumcura.be\/infotheek\/","name":"Infotheek - Cum Cura","isPartOf":{"@id":"https:\/\/cumcura.be\/en\/#website"},"primaryImageOfPage":{"@id":"https:\/\/cumcura.be\/infotheek\/#primaryimage"},"image":{"@id":"https:\/\/cumcura.be\/infotheek\/#primaryimage"},"thumbnailUrl":"https:\/\/cumcura.be\/wp-content\/uploads\/2025\/07\/1.10.-Boek-Nijlpaard-voor-Kerstmis-foto2.jpg","datePublished":"2024-01-14T12:04:02+00:00","dateModified":"2026-02-06T10:04:37+00:00","breadcrumb":{"@id":"https:\/\/cumcura.be\/infotheek\/#breadcrumb"},"inLanguage":"fr-FR","potentialAction":[{"@type":"ReadAction","target":["https:\/\/cumcura.be\/infotheek\/"]}]},{"@type":"ImageObject","inLanguage":"fr-FR","@id":"https:\/\/cumcura.be\/infotheek\/#primaryimage","url":"https:\/\/cumcura.be\/wp-content\/uploads\/2025\/07\/1.10.-Boek-Nijlpaard-voor-Kerstmis-foto2.jpg","contentUrl":"https:\/\/cumcura.be\/wp-content\/uploads\/2025\/07\/1.10.-Boek-Nijlpaard-voor-Kerstmis-foto2.jpg"},{"@type":"BreadcrumbList","@id":"https:\/\/cumcura.be\/infotheek\/#breadcrumb","itemListElement":[{"@type":"ListItem","position":1,"name":"Home","item":"https:\/\/cumcura.be\/"},{"@type":"ListItem","position":2,"name":"Infotheek"}]},{"@type":"WebSite","@id":"https:\/\/cumcura.be\/en\/#website","url":"https:\/\/cumcura.be\/en\/","name":"Cum Cura","description":"Kanker met zorg","publisher":{"@id":"https:\/\/cumcura.be\/en\/#organization"},"potentialAction":[{"@type":"SearchAction","target":{"@type":"EntryPoint","urlTemplate":"https:\/\/cumcura.be\/en\/?s={search_term_string}"},"query-input":{"@type":"PropertyValueSpecification","valueRequired":true,"valueName":"search_term_string"}}],"inLanguage":"fr-FR"},{"@type":"Organization","@id":"https:\/\/cumcura.be\/en\/#organization","name":"Cum Cura","url":"https:\/\/cumcura.be\/en\/","logo":{"@type":"ImageObject","inLanguage":"fr-FR","@id":"https:\/\/cumcura.be\/en\/#\/schema\/logo\/image\/","url":"https:\/\/cumcura.be\/wp-content\/uploads\/2018\/11\/CUMCURA_LOGO_CLEAN_CMYK.png","contentUrl":"https:\/\/cumcura.be\/wp-content\/uploads\/2018\/11\/CUMCURA_LOGO_CLEAN_CMYK.png","width":1772,"height":975,"caption":"Cum Cura"},"image":{"@id":"https:\/\/cumcura.be\/en\/#\/schema\/logo\/image\/"},"sameAs":["https:\/\/www.facebook.com\/CumCuraVZW\/","https:\/\/www.instagram.com\/cumcuravzw\/"]}]}},"jetpack_sharing_enabled":true,"_links":{"self":[{"href":"https:\/\/cumcura.be\/fr\/wp-json\/wp\/v2\/pages\/1137"}],"collection":[{"href":"https:\/\/cumcura.be\/fr\/wp-json\/wp\/v2\/pages"}],"about":[{"href":"https:\/\/cumcura.be\/fr\/wp-json\/wp\/v2\/types\/page"}],"author":[{"embeddable":true,"href":"https:\/\/cumcura.be\/fr\/wp-json\/wp\/v2\/users\/1"}],"replies":[{"embeddable":true,"href":"https:\/\/cumcura.be\/fr\/wp-json\/wp\/v2\/comments?post=1137"}],"version-history":[{"count":58,"href":"https:\/\/cumcura.be\/fr\/wp-json\/wp\/v2\/pages\/1137\/revisions"}],"predecessor-version":[{"id":2122,"href":"https:\/\/cumcura.be\/fr\/wp-json\/wp\/v2\/pages\/1137\/revisions\/2122"}],"wp:attachment":[{"href":"https:\/\/cumcura.be\/fr\/wp-json\/wp\/v2\/media?parent=1137"}],"curies":[{"name":"wp","href":"https:\/\/api.w.org\/{rel}","templated":true}]}}