{"id":195,"date":"2019-04-09T12:50:59","date_gmt":"2019-04-09T12:50:59","guid":{"rendered":"https:\/\/cumcura.be\/?page_id=195"},"modified":"2025-11-27T09:50:48","modified_gmt":"2025-11-27T09:50:48","slug":"activiteit","status":"publish","type":"page","link":"https:\/\/cumcura.be\/fr\/activiteit\/","title":{"rendered":"Les activit\u00e9s"},"content":{"rendered":"<p>[et_pb_section fb_built=&#8221;1&#8243; admin_label=&#8221;Hero&#8221; _builder_version=&#8221;4.21.2&#8243; background_color=&#8221;#4bc0eb&#8221; use_background_color_gradient=&#8221;on&#8221; background_color_gradient_direction=&#8221;16deg&#8221; background_color_gradient_stops=&#8221;rgba(62,144,221,0.64) 0%|rgba(145,223,247,0.94) 100%&#8221; background_color_gradient_start=&#8221;rgba(62,144,221,0.64)&#8221; background_color_gradient_end=&#8221;rgba(145,223,247,0.94)&#8221; custom_margin=&#8221;||0px||false|false&#8221; custom_padding=&#8221;60px|0px|0|0px|false|false&#8221; global_colors_info=&#8221;{}&#8221;][et_pb_row _builder_version=&#8221;4.21.2&#8243; _module_preset=&#8221;default&#8221; global_colors_info=&#8221;{}&#8221;][et_pb_column type=&#8221;4_4&#8243; _builder_version=&#8221;4.21.2&#8243; _module_preset=&#8221;default&#8221; global_colors_info=&#8221;{}&#8221;][et_pb_text _builder_version=&#8221;4.21.2&#8243; _module_preset=&#8221;default&#8221; text_font_size=&#8221;16px&#8221; text_line_height=&#8221;2em&#8221; header_2_font=&#8221;|700|||||||&#8221; header_2_font_size=&#8221;36px&#8221; header_2_line_height=&#8221;1.6em&#8221; custom_margin=&#8221;0px||0px||false|false&#8221; header_2_font_size_tablet=&#8221;36px&#8221; header_2_font_size_phone=&#8221;20px&#8221; header_2_font_size_last_edited=&#8221;on|desktop&#8221; global_colors_info=&#8221;{}&#8221;]<\/p>\n<h2><span style=\"color: #ffffff;\">Une Journ\u00e9e CumCura en vue<\/span><\/h2>\n<p>[\/et_pb_text][et_pb_divider divider_weight=&#8221;0px&#8221; _builder_version=&#8221;4.21.2&#8243; _module_preset=&#8221;default&#8221; background_color=&#8221;#9E9E9E&#8221; background_image=&#8221;https:\/\/cumcura.be\/wp-content\/uploads\/2019\/04\/Divider_Desmoid-e1596041731639.png&#8221; max_width=&#8221;20%&#8221; module_alignment=&#8221;left&#8221; height=&#8221;5px&#8221; global_colors_info=&#8221;{}&#8221;][\/et_pb_divider][\/et_pb_column][\/et_pb_row][et_pb_row column_structure=&#8221;2_3,1_3&#8243; _builder_version=&#8221;4.21.2&#8243; custom_margin=&#8221;||0px&#8221; custom_padding=&#8221;30px|0px|0px|0px|false|false&#8221; overflow-x_tablet=&#8221;&#8221; overflow-x_phone=&#8221;&#8221; overflow-x_last_edited=&#8221;on|desktop&#8221; overflow-y_tablet=&#8221;&#8221; overflow-y_phone=&#8221;&#8221; overflow-y_last_edited=&#8221;on|desktop&#8221; global_colors_info=&#8221;{}&#8221;][et_pb_column type=&#8221;2_3&#8243; _builder_version=&#8221;4.16&#8243; custom_padding=&#8221;||60px|&#8221; global_colors_info=&#8221;{}&#8221; custom_padding__hover=&#8221;|||&#8221;][et_pb_text _builder_version=&#8221;4.21.2&#8243; text_font=&#8221;||||||||&#8221; text_text_color=&#8221;#ffffff&#8221; text_font_size=&#8221;16px&#8221; header_font=&#8221;||||||||&#8221; header_text_color=&#8221;#ffffff&#8221; header_font_size=&#8221;32px&#8221; header_letter_spacing=&#8221;1px&#8221; header_line_height=&#8221;1.3em&#8221; max_width=&#8221;100%&#8221; custom_margin=&#8221;|-447px||||&#8221; custom_padding=&#8221;0px|0px|0px|||&#8221; global_colors_info=&#8221;{}&#8221;]<\/p>\n<p><span style=\"color: #ffffff;\">\u00a0C'est pourquoi nous aimerions vous inviter, avec votre partenaire\/famille, <strong>zevende lotgenotendag<\/strong> dont l'objectif principal est de r\u00e9unir des personnes qui ont quelque chose en commun gr\u00e2ce \u00e0 leur exp\u00e9rience du sarcome, du desmo\u00efde ou d'une tumeur \u00e0 cellules g\u00e9antes. <strong>Sarcoma, Desmoid ou Tumeurs \u00e0 cellules g\u00e9antes <\/strong>:<\/span><\/p>\n<h1><span style=\"color: #ffffff;\"><strong>zaterdag 21 <\/strong><strong>november 2026 <\/strong><strong>\u00e0 12h15<\/strong><\/span><\/h1>\n<p><span style=\"color: #ffffff;\">Voici ce que nous vous r\u00e9servons :<\/span><\/p>\n<ul>\n<li><span style=\"color: #ffffff;\">Accueil \u00e0 12h15 avec un sandwich et une boisson<\/span><\/li>\n<li><span style=\"color: #ffffff;\">D\u00e9but \u00e0 13h00 avec des nouvelles du terrain.<\/span><\/li>\n<li><span style=\"color: #ffffff;\">Vers 14h00 : \"Caf\u00e9 de l'exp\u00e9rience entre survivants\" avec une collation et une boisson.<\/span><\/li>\n<li><span style=\"color: #ffffff;\">Fin pr\u00e9vue vers 16 heures.<\/span><\/li>\n<\/ul>\n<p><span style=\"color: #ffffff;\"><strong>Plaats &#8211; onder voorbehoud: <\/strong>GO! Atheneum, Meerlaan 25\/N462, 9620 Zottegem.<\/span><br \/><span style=\"color: #ffffff;\">Le stationnement est possible.<\/span><\/p>\n<p><span style=\"color: #ffffff;\">Pour des raisons pratiques, il serait souhaitable que vous puissiez annoncer votre pr\u00e9sence ou votre absence.<\/span><\/p>\n<p>[\/et_pb_text][\/et_pb_column][et_pb_column type=&#8221;1_3&#8243; _builder_version=&#8221;4.16&#8243; custom_padding=&#8221;||60px|&#8221; global_colors_info=&#8221;{}&#8221; custom_padding__hover=&#8221;|||&#8221;][et_pb_image src=&#8221;https:\/\/cumcura.be\/wp-content\/uploads\/2019\/04\/TestBollen.png&#8221; title_text=&#8221;TestBollen&#8221; align=&#8221;right&#8221; _builder_version=&#8221;4.21.2&#8243; _module_preset=&#8221;default&#8221; max_width=&#8221;100%&#8221; custom_padding=&#8221;|||0px||&#8221; animation_style=&#8221;slide&#8221; global_colors_info=&#8221;{}&#8221;][\/et_pb_image][\/et_pb_column][\/et_pb_row][et_pb_row column_structure=&#8221;1_2,1_2&#8243; _builder_version=&#8221;4.21.2&#8243; _module_preset=&#8221;default&#8221; custom_padding=&#8221;||69px|||&#8221; hover_enabled=&#8221;0&#8243; global_colors_info=&#8221;{}&#8221; sticky_enabled=&#8221;0&#8243;][et_pb_column type=&#8221;1_2&#8243; _builder_version=&#8221;4.21.2&#8243; _module_preset=&#8221;default&#8221; global_colors_info=&#8221;{}&#8221;][et_pb_video src=&#8221;https:\/\/cumcura.be\/wp-content\/uploads\/2023\/08\/Cum-Cura-Lotgenotendag-26-11-2022-FINAL.mov&#8221; image_src=&#8221;https:\/\/cumcura.be\/wp-content\/uploads\/2025\/11\/CCAffiche_lotgenotendag-2026_A3_def-affiche1.jpg&#8221; _builder_version=&#8221;4.27.2&#8243; _module_preset=&#8221;default&#8221; hover_enabled=&#8221;0&#8243; border_radii=&#8221;on|15px|15px|15px|15px&#8221; global_colors_info=&#8221;{}&#8221; title_text=&#8221;CCAffiche_lotgenotendag 2026_A3_def affiche1&#8243; sticky_enabled=&#8221;0&#8243;][\/et_pb_video][\/et_pb_column][et_pb_column type=&#8221;1_2&#8243; _builder_version=&#8221;4.21.2&#8243; _module_preset=&#8221;default&#8221; global_colors_info=&#8221;{}&#8221;][et_pb_cta title=&#8221;Lotgenotendag 21 november 2026&#8243; button_url=&#8221;https:\/\/forms.office.com\/e\/gXsc8cCmuJ&#8221; url_new_window=&#8221;on&#8221; button_text=&#8221;Inschrijving&#8221; _builder_version=&#8221;4.27.2&#8243; _module_preset=&#8221;default&#8221; header_text_align=&#8221;left&#8221; body_text_align=&#8221;left&#8221; background_color=&#8221;RGBA(255,255,255,0)&#8221; button_alignment=&#8221;left&#8221; text_orientation=&#8221;left&#8221; hover_enabled=&#8221;0&#8243; global_colors_info=&#8221;{}&#8221; sticky_enabled=&#8221;0&#8243;][\/et_pb_cta][et_pb_text _builder_version=&#8221;4.21.2&#8243; _module_preset=&#8221;default&#8221; text_text_color=&#8221;#ffffff&#8221; text_font_size=&#8221;16px&#8221; header_font_size=&#8221;16px&#8221; header_letter_spacing=&#8221;1px&#8221; header_line_height=&#8221;1.3em&#8221; custom_padding=&#8221;||0px|45px||&#8221; global_colors_info=&#8221;{}&#8221;]<\/p>\n<p><span style=\"color: #ffffff;\"><strong>D\u00e9couvrez ici comment les autres suvivants vivent cette journ\u00e9e<br \/>\u00e0 la vid\u00e9o ci-contre (cliquez dessus)<br \/>ou aux t\u00e9moignages ci-dessous.<br \/><\/strong><\/span><span style=\"color: #ffffff;\"><strong><\/strong><\/span><\/p>\n<p><span style=\"color: #ffffff;\"><strong><\/strong><\/span><\/p>\n<p>[\/et_pb_text][\/et_pb_column][\/et_pb_row][\/et_pb_section][et_pb_section fb_built=&#8221;1&#8243; _builder_version=&#8221;4.21.2&#8243; _module_preset=&#8221;default&#8221; custom_margin=&#8221;47px|||||&#8221; custom_padding=&#8221;32px||32px||true|&#8221; global_colors_info=&#8221;{}&#8221;][et_pb_row column_structure=&#8221;1_5,3_5,1_5&#8243; _builder_version=&#8221;4.27.2&#8243; _module_preset=&#8221;default&#8221; global_colors_info=&#8221;{}&#8221;][et_pb_column type=&#8221;1_5&#8243; _builder_version=&#8221;4.27.2&#8243; _module_preset=&#8221;default&#8221; global_colors_info=&#8221;{}&#8221;][\/et_pb_column][et_pb_column type=&#8221;3_5&#8243; _builder_version=&#8221;4.27.2&#8243; _module_preset=&#8221;default&#8221; global_colors_info=&#8221;{}&#8221;][et_pb_code _builder_version=&#8221;4.27.2&#8243; _module_preset=&#8221;default&#8221; global_colors_info=&#8221;{}&#8221;]<iframe loading=\"lazy\" width=\"760px\" height=\"500px\" src=\"https:\/\/sway.cloud.microsoft\/s\/lEeHIuWL08Bhu0qu\/embed\" frameborder=\"0\" marginheight=\"0\" marginwidth=\"0\" max-width=\"100%\" sandbox=\"allow-forms allow-modals allow-orientation-lock allow-popups allow-same-origin allow-scripts\" scrolling=\"no\" style=\"border: none; max-width: 100%; max-height: 100vh\" allowfullscreen mozallowfullscreen msallowfullscreen webkitallowfullscreen><\/iframe>[\/et_pb_code][\/et_pb_column][et_pb_column type=&#8221;1_5&#8243; _builder_version=&#8221;4.27.2&#8243; _module_preset=&#8221;default&#8221; global_colors_info=&#8221;{}&#8221;][\/et_pb_column][\/et_pb_row][et_pb_row column_structure=&#8221;1_3,1_3,1_3&#8243; _builder_version=&#8221;4.21.2&#8243; _module_preset=&#8221;default&#8221; min_height=&#8221;1397.4px&#8221; custom_padding=&#8221;72px|||||&#8221; global_colors_info=&#8221;{}&#8221;][et_pb_column type=&#8221;1_3&#8243; _builder_version=&#8221;4.21.2&#8243; _module_preset=&#8221;default&#8221; global_colors_info=&#8221;{}&#8221;][et_pb_image src=&#8221;https:\/\/cumcura.be\/wp-content\/uploads\/2025\/07\/2024_CCDAG.jpg&#8221; title_text=&#8221;2024_CCDAG&#8221; _builder_version=&#8221;4.27.2&#8243; _module_preset=&#8221;default&#8221; global_colors_info=&#8221;{}&#8221;][\/et_pb_image][et_pb_testimonial author=&#8221;Stefaan M&#8221; portrait_url=&#8221;https:\/\/cumcura.be\/wp-content\/uploads\/2023\/08\/2023_CC-header.jpg&#8221; _builder_version=&#8221;4.27.2&#8243; _module_preset=&#8221;default&#8221; background_color=&#8221;#ebf6fd&#8221; global_colors_info=&#8221;{}&#8221;]<\/p>\n<p>Encore merci pour la bonne organisation de la Journ\u00e9e CumCura.\nJ\u2019ai pu \u00e0 nouveau faire la connaissance de plusieurs pairs, et je reste toujours impressionn\u00e9e par leur force et leur courage face \u00e0 leur maladie.<\/p>\n<p>[\/et_pb_testimonial][et_pb_testimonial author=&#8221;Andries&#8221; portrait_url=&#8221;https:\/\/cumcura.be\/wp-content\/uploads\/2023\/08\/2023_CC-header.jpg&#8221; _builder_version=&#8221;4.21.2&#8243; _module_preset=&#8221;default&#8221; background_color=&#8221;#ebf6fd&#8221; global_colors_info=&#8221;{}&#8221;]<\/p>\n<p>Nous avons \u00e9t\u00e9 agr\u00e9ablement surpris par l'accueil chaleureux et sympathique qui nous a \u00e9t\u00e9 r\u00e9serv\u00e9 lors de la r\u00e9union Cum Cura de samedi dernier.<\/p>\n<p><span>Nous avons \u00e9galement eu des conversations instructives avec des survivants.<\/span><\/p>\n<p><span>Vous nous avez offert un apr\u00e8s-midi amusant et instructif, nous \u00e9tions heureux d'\u00eatre l\u00e0.<\/span><\/p>\n<p><span>Merci beaucoup !\u00a0<\/span><\/p>\n<p>[\/et_pb_testimonial][et_pb_image src=&#8221;https:\/\/cumcura.be\/wp-content\/uploads\/2020\/07\/logo-stk.jpg&#8221; title_text=&#8221;Impression&#8221; _builder_version=&#8221;4.27.2&#8243; _module_preset=&#8221;default&#8221; width=&#8221;100%&#8221; global_colors_info=&#8221;{}&#8221;][\/et_pb_image][\/et_pb_column][et_pb_column type=&#8221;1_3&#8243; _builder_version=&#8221;4.27.2&#8243; _module_preset=&#8221;default&#8221; global_colors_info=&#8221;{}&#8221;][et_pb_testimonial author=&#8221;Griet&#8221; portrait_url=&#8221;https:\/\/cumcura.be\/wp-content\/uploads\/2023\/08\/2023_CC-header.jpg&#8221; _builder_version=&#8221;4.27.2&#8243; _module_preset=&#8221;default&#8221; background_color=&#8221;#ebf6fd&#8221; global_colors_info=&#8221;{}&#8221;]<\/p>\n<p>Bedankt voor de organisatie van de CumCuraDag. Een warm onthaal een fijne babbel met lotgenoten, een lekker hapje en drankje, interessante en boeiende sprekers. Kortom een fijn geluk momentje!<\/p>\n<p>[\/et_pb_testimonial][et_pb_image src=&#8221;https:\/\/cumcura.be\/wp-content\/uploads\/2023\/08\/2021_Lotgenotendag.jpg&#8221; title_text=&#8221;2021_Lotgenotendag&#8221; _builder_version=&#8221;4.21.2&#8243; _module_preset=&#8221;default&#8221; global_colors_info=&#8221;{}&#8221;][\/et_pb_image][et_pb_testimonial author=&#8221;Brecht&#8221; portrait_url=&#8221;https:\/\/cumcura.be\/wp-content\/uploads\/2023\/08\/2023_CC-header.jpg&#8221; _builder_version=&#8221;4.21.2&#8243; _module_preset=&#8221;default&#8221; background_color=&#8221;#ebf6fd&#8221; global_colors_info=&#8221;{}&#8221;]<\/p>\n<p>F\u00e9licitations pour l'excellente organisation de la journ\u00e9e de la loterie, qui en valait vraiment la peine.<\/p>\n<p>[\/et_pb_testimonial][et_pb_image src=&#8221;https:\/\/cumcura.be\/wp-content\/uploads\/2023\/08\/Lotgenotendag.jpg&#8221; title_text=&#8221;Lotgenotendag&#8221; _builder_version=&#8221;4.21.2&#8243; _module_preset=&#8221;default&#8221; global_colors_info=&#8221;{}&#8221;][\/et_pb_image][\/et_pb_column][et_pb_column type=&#8221;1_3&#8243; _builder_version=&#8221;4.21.2&#8243; _module_preset=&#8221;default&#8221; global_colors_info=&#8221;{}&#8221;][et_pb_testimonial author=&#8221;Jean-Jacques&#8221; portrait_url=&#8221;https:\/\/cumcura.be\/wp-content\/uploads\/2023\/08\/2023_CC-header.jpg&#8221; _builder_version=&#8221;4.27.2&#8243; _module_preset=&#8221;default&#8221; background_color=&#8221;#ebf6fd&#8221; global_colors_info=&#8221;{}&#8221;]<\/p>\n<p>Merci pour l\u2019organisation de la Journ\u00e9e CumCura !<br \/>Nous avons pu \u00e9tablir des contacts enrichissants et agr\u00e9ables avec des pairs qui participaient pour la premi\u00e8re fois\u2026 et nous \u00e9tions heureux de revoir certains autres, en bonne sant\u00e9 !<\/p>\n<p>[\/et_pb_testimonial][et_pb_image src=&#8221;https:\/\/cumcura.be\/wp-content\/uploads\/2025\/07\/IMG_7401-1_IMG20231118135130-scaled.jpg&#8221; title_text=&#8221;IMG_7401-1_IMG20231118135130&#8243; _builder_version=&#8221;4.27.2&#8243; _module_preset=&#8221;default&#8221; global_colors_info=&#8221;{}&#8221;][\/et_pb_image][et_pb_testimonial author=&#8221;Mark&#8221; portrait_url=&#8221;https:\/\/cumcura.be\/wp-content\/uploads\/2023\/08\/2023_CC-header.jpg&#8221; _builder_version=&#8221;4.21.2&#8243; _module_preset=&#8221;default&#8221; background_color=&#8221;#ebf6fd&#8221; global_colors_info=&#8221;{}&#8221;]<\/p>\n<p>Merci pour votre initiative et votre organisation pour nous r\u00e9unir. Super qu'une telle chose existe. Il y a quelques ann\u00e9es, la recherche d'informations \u00e0 ce sujet n'\u00e9tait pas une mince affaire. Je suis heureux qu'il y ait maintenant quelque chose qui permette \u00e0 nos compagnons d'infortune d'acc\u00e9der \u00e0 l'information et m\u00eame de parler s'ils le souhaitent.<\/p>\n<p>[\/et_pb_testimonial][et_pb_testimonial author=&#8221;Stefaan&#8221; portrait_url=&#8221;https:\/\/cumcura.be\/wp-content\/uploads\/2023\/08\/2023_CC-header.jpg&#8221; _builder_version=&#8221;4.21.2&#8243; _module_preset=&#8221;default&#8221; background_color=&#8221;#ebf6fd&#8221; global_colors_info=&#8221;{}&#8221;]<\/p>\n<p>Merci pour la superbe organisation de la journ\u00e9e des survivants. Je suis heureuse d'avoir pu y participer et de pouvoir parler \u00e0 d'autres personnes souffrant de la m\u00eame maladie.<\/p>\n<p>[\/et_pb_testimonial][\/et_pb_column][\/et_pb_row][\/et_pb_section]<\/p>","protected":false},"excerpt":{"rendered":"<p>Een CumCuraDag in zicht\u00a0Daarom nodigen we u graag uit met uw partner\/gezin op de zevende lotgenotendag met als hoofddoel mensen samenbrengen die iets gemeenschappelijk hebben door hun ervaring met Sarcoma, Desmoid of een Reuceltumor : zaterdag 21 november 2026 om 12.15 uur Dit hebben we voor u in petto: Onthaal 12.15 uur met een broodje [&hellip;]<\/p>","protected":false},"author":1,"featured_media":0,"parent":0,"menu_order":0,"comment_status":"closed","ping_status":"closed","template":"","meta":{"_et_pb_use_builder":"on","_et_pb_old_content":"<!-- wp:divi\/placeholder \/-->","_et_gb_content_width":"","jetpack_post_was_ever_published":false,"footnotes":""},"class_list":["post-195","page","type-page","status-publish","hentry"],"yoast_head":"<!-- This site is optimized with the Yoast SEO plugin v25.6 - https:\/\/yoast.com\/wordpress\/plugins\/seo\/ -->\n<title>Activiteiten - Cum Cura<\/title>\n<meta name=\"robots\" content=\"index, follow, max-snippet:-1, max-image-preview:large, max-video-preview:-1\" \/>\n<link rel=\"canonical\" href=\"https:\/\/cumcura.be\/fr\/activiteit\/\" \/>\n<meta property=\"og:locale\" content=\"fr_FR\" \/>\n<meta property=\"og:type\" content=\"article\" \/>\n<meta property=\"og:title\" content=\"Activiteiten - Cum Cura\" \/>\n<meta property=\"og:description\" content=\"Een CumCuraDag in zicht\u00a0Daarom nodigen we u graag uit met uw partner\/gezin op de zevende lotgenotendag met als hoofddoel mensen samenbrengen die iets gemeenschappelijk hebben door hun ervaring met Sarcoma, Desmoid of een Reuceltumor : zaterdag 21 november 2026 om 12.15 uur Dit hebben we voor u in petto: Onthaal 12.15 uur met een broodje [&hellip;]\" \/>\n<meta property=\"og:url\" content=\"https:\/\/cumcura.be\/fr\/activiteit\/\" \/>\n<meta property=\"og:site_name\" content=\"Cum Cura\" \/>\n<meta property=\"article:publisher\" content=\"https:\/\/www.facebook.com\/CumCuraVZW\/\" \/>\n<meta property=\"article:modified_time\" content=\"2025-11-27T09:50:48+00:00\" \/>\n<meta name=\"twitter:card\" content=\"summary_large_image\" \/>\n<meta name=\"twitter:label1\" content=\"Dur\u00e9e de lecture estim\u00e9e\" \/>\n\t<meta name=\"twitter:data1\" content=\"3 minutes\" \/>\n<script type=\"application\/ld+json\" class=\"yoast-schema-graph\">{\"@context\":\"https:\/\/schema.org\",\"@graph\":[{\"@type\":\"WebPage\",\"@id\":\"https:\/\/cumcura.be\/activiteit\/\",\"url\":\"https:\/\/cumcura.be\/activiteit\/\",\"name\":\"Activiteiten - Cum Cura\",\"isPartOf\":{\"@id\":\"https:\/\/cumcura.be\/en\/#website\"},\"datePublished\":\"2019-04-09T12:50:59+00:00\",\"dateModified\":\"2025-11-27T09:50:48+00:00\",\"breadcrumb\":{\"@id\":\"https:\/\/cumcura.be\/activiteit\/#breadcrumb\"},\"inLanguage\":\"fr-FR\",\"potentialAction\":[{\"@type\":\"ReadAction\",\"target\":[\"https:\/\/cumcura.be\/activiteit\/\"]}]},{\"@type\":\"BreadcrumbList\",\"@id\":\"https:\/\/cumcura.be\/activiteit\/#breadcrumb\",\"itemListElement\":[{\"@type\":\"ListItem\",\"position\":1,\"name\":\"Home\",\"item\":\"https:\/\/cumcura.be\/\"},{\"@type\":\"ListItem\",\"position\":2,\"name\":\"Activiteiten\"}]},{\"@type\":\"WebSite\",\"@id\":\"https:\/\/cumcura.be\/en\/#website\",\"url\":\"https:\/\/cumcura.be\/en\/\",\"name\":\"Cum Cura\",\"description\":\"Kanker met zorg\",\"publisher\":{\"@id\":\"https:\/\/cumcura.be\/en\/#organization\"},\"potentialAction\":[{\"@type\":\"SearchAction\",\"target\":{\"@type\":\"EntryPoint\",\"urlTemplate\":\"https:\/\/cumcura.be\/en\/?s={search_term_string}\"},\"query-input\":{\"@type\":\"PropertyValueSpecification\",\"valueRequired\":true,\"valueName\":\"search_term_string\"}}],\"inLanguage\":\"fr-FR\"},{\"@type\":\"Organization\",\"@id\":\"https:\/\/cumcura.be\/en\/#organization\",\"name\":\"Cum Cura\",\"url\":\"https:\/\/cumcura.be\/en\/\",\"logo\":{\"@type\":\"ImageObject\",\"inLanguage\":\"fr-FR\",\"@id\":\"https:\/\/cumcura.be\/en\/#\/schema\/logo\/image\/\",\"url\":\"https:\/\/cumcura.be\/wp-content\/uploads\/2018\/11\/CUMCURA_LOGO_CLEAN_CMYK.png\",\"contentUrl\":\"https:\/\/cumcura.be\/wp-content\/uploads\/2018\/11\/CUMCURA_LOGO_CLEAN_CMYK.png\",\"width\":1772,\"height\":975,\"caption\":\"Cum Cura\"},\"image\":{\"@id\":\"https:\/\/cumcura.be\/en\/#\/schema\/logo\/image\/\"},\"sameAs\":[\"https:\/\/www.facebook.com\/CumCuraVZW\/\",\"https:\/\/www.instagram.com\/cumcuravzw\/\"]}]}<\/script>\n<!-- \/ Yoast SEO plugin. -->","yoast_head_json":{"title":"Activiteiten - Cum Cura","robots":{"index":"index","follow":"follow","max-snippet":"max-snippet:-1","max-image-preview":"max-image-preview:large","max-video-preview":"max-video-preview:-1"},"canonical":"https:\/\/cumcura.be\/fr\/activiteit\/","og_locale":"fr_FR","og_type":"article","og_title":"Activiteiten - Cum Cura","og_description":"Een CumCuraDag in zicht\u00a0Daarom nodigen we u graag uit met uw partner\/gezin op de zevende lotgenotendag met als hoofddoel mensen samenbrengen die iets gemeenschappelijk hebben door hun ervaring met Sarcoma, Desmoid of een Reuceltumor : zaterdag 21 november 2026 om 12.15 uur Dit hebben we voor u in petto: Onthaal 12.15 uur met een broodje [&hellip;]","og_url":"https:\/\/cumcura.be\/fr\/activiteit\/","og_site_name":"Cum Cura","article_publisher":"https:\/\/www.facebook.com\/CumCuraVZW\/","article_modified_time":"2025-11-27T09:50:48+00:00","twitter_card":"summary_large_image","twitter_misc":{"Dur\u00e9e de lecture estim\u00e9e":"3 minutes"},"schema":{"@context":"https:\/\/schema.org","@graph":[{"@type":"WebPage","@id":"https:\/\/cumcura.be\/activiteit\/","url":"https:\/\/cumcura.be\/activiteit\/","name":"Activiteiten - Cum Cura","isPartOf":{"@id":"https:\/\/cumcura.be\/en\/#website"},"datePublished":"2019-04-09T12:50:59+00:00","dateModified":"2025-11-27T09:50:48+00:00","breadcrumb":{"@id":"https:\/\/cumcura.be\/activiteit\/#breadcrumb"},"inLanguage":"fr-FR","potentialAction":[{"@type":"ReadAction","target":["https:\/\/cumcura.be\/activiteit\/"]}]},{"@type":"BreadcrumbList","@id":"https:\/\/cumcura.be\/activiteit\/#breadcrumb","itemListElement":[{"@type":"ListItem","position":1,"name":"Home","item":"https:\/\/cumcura.be\/"},{"@type":"ListItem","position":2,"name":"Activiteiten"}]},{"@type":"WebSite","@id":"https:\/\/cumcura.be\/en\/#website","url":"https:\/\/cumcura.be\/en\/","name":"Cum Cura","description":"Kanker met zorg","publisher":{"@id":"https:\/\/cumcura.be\/en\/#organization"},"potentialAction":[{"@type":"SearchAction","target":{"@type":"EntryPoint","urlTemplate":"https:\/\/cumcura.be\/en\/?s={search_term_string}"},"query-input":{"@type":"PropertyValueSpecification","valueRequired":true,"valueName":"search_term_string"}}],"inLanguage":"fr-FR"},{"@type":"Organization","@id":"https:\/\/cumcura.be\/en\/#organization","name":"Cum Cura","url":"https:\/\/cumcura.be\/en\/","logo":{"@type":"ImageObject","inLanguage":"fr-FR","@id":"https:\/\/cumcura.be\/en\/#\/schema\/logo\/image\/","url":"https:\/\/cumcura.be\/wp-content\/uploads\/2018\/11\/CUMCURA_LOGO_CLEAN_CMYK.png","contentUrl":"https:\/\/cumcura.be\/wp-content\/uploads\/2018\/11\/CUMCURA_LOGO_CLEAN_CMYK.png","width":1772,"height":975,"caption":"Cum Cura"},"image":{"@id":"https:\/\/cumcura.be\/en\/#\/schema\/logo\/image\/"},"sameAs":["https:\/\/www.facebook.com\/CumCuraVZW\/","https:\/\/www.instagram.com\/cumcuravzw\/"]}]}},"jetpack_sharing_enabled":true,"_links":{"self":[{"href":"https:\/\/cumcura.be\/fr\/wp-json\/wp\/v2\/pages\/195"}],"collection":[{"href":"https:\/\/cumcura.be\/fr\/wp-json\/wp\/v2\/pages"}],"about":[{"href":"https:\/\/cumcura.be\/fr\/wp-json\/wp\/v2\/types\/page"}],"author":[{"embeddable":true,"href":"https:\/\/cumcura.be\/fr\/wp-json\/wp\/v2\/users\/1"}],"replies":[{"embeddable":true,"href":"https:\/\/cumcura.be\/fr\/wp-json\/wp\/v2\/comments?post=195"}],"version-history":[{"count":50,"href":"https:\/\/cumcura.be\/fr\/wp-json\/wp\/v2\/pages\/195\/revisions"}],"predecessor-version":[{"id":2047,"href":"https:\/\/cumcura.be\/fr\/wp-json\/wp\/v2\/pages\/195\/revisions\/2047"}],"wp:attachment":[{"href":"https:\/\/cumcura.be\/fr\/wp-json\/wp\/v2\/media?parent=195"}],"curies":[{"name":"wp","href":"https:\/\/api.w.org\/{rel}","templated":true}]}}